{"id":3165,"date":"2025-08-05T18:32:27","date_gmt":"2025-08-05T15:32:27","guid":{"rendered":"https:\/\/letgenbio.com\/gdpr-policy\/"},"modified":"2025-12-05T11:00:02","modified_gmt":"2025-12-05T08:00:02","slug":"gdpr-policy","status":"publish","type":"page","link":"https:\/\/letgenbio.com\/en\/gdpr-policy\/","title":{"rendered":"GDPR Policy"},"content":{"rendered":"\n<p><strong>LETGEN B\u0130YOTEKNOLOJ\u0130 LABORATUVAR \u00dcR\u00dcNLER\u0130 \u0130\u00c7 VE DI\u015e T\u0130CARET L\u0130M\u0130TED \u015e\u0130RKET\u0130<\/strong> <strong>K\u0130\u015e\u0130SEL VER\u0130LER\u0130N KORUNMASI VE \u0130\u015eLENMES\u0130 POL\u0130T\u0130KASI<\/strong><\/p>\n\n<p>Muhatap:<\/p>\n\n<p>Letgen Biyoteknoloji Laboratuvar \u00dcr\u00fcnleri \u0130\u00e7 ve D\u0131\u015f Ticaret Limited \u015eirketi taraf\u0131ndan Ki\u015fisel Verileri i\u015flenen Letgen Biyoteknoloji Laboratuvar \u00dcr\u00fcnleri \u0130\u00e7 ve D\u0131\u015f Ticaret Limited \u015eirketi \u00e7al\u0131\u015fanlar\u0131 d\u0131\u015f\u0131ndaki t\u00fcm ger\u00e7ek ki\u015filer<\/p>\n\n<p>Haz\u0131rlayan:<\/p>\n\n<p>Letgen Biyoteknoloji Laboratuvar \u00dcr\u00fcnleri \u0130\u00e7 ve D\u0131\u015f Ticaret Limited \u015eirketi \u00a0<\/p>\n\n<p>Onaylayan:<\/p>\n\n<p>Letgen Biyoteknoloji Laboratuvar \u00dcr\u00fcnleri \u0130\u00e7 ve D\u0131\u015f Ticaret Limited \u015eirketi y\u00f6netim\/ m\u00fcd\u00fcrler kurulu taraf\u0131ndan onaylanm\u0131\u015ft\u0131r.<\/p>\n\n<p>VERS\u0130YON: 2.0<\/p>\n\n<p>Y\u00fcr\u00fcrl\u00fck Tarihi: <strong>\u2026\/\u2026\/\u2026.<\/strong><\/p>\n\n<p><strong>\u00a9 LETGEN B\u0130YOTEKNOLOJ\u0130 LABORATUVAR \u00dcR\u00dcNLER\u0130 \u0130\u00c7 VE DI\u015e T\u0130CARET L\u0130M\u0130TED \u015e\u0130RKET\u0130, 2025<\/strong><\/p>\n\n<p>Letgen Biyoteknoloji Laboratuvar \u00dcr\u00fcnleri \u0130\u00e7 ve D\u0131\u015f Ticaret Limited \u015eirketi yaz\u0131l\u0131 izni olmaks\u0131z\u0131n \u00e7o\u011falt\u0131l\u0131p da\u011f\u0131t\u0131lamaz.<\/p>\n\n<p><strong>\u0130\u00c7\u0130NDEK\u0130LER<\/strong><\/p>\n\n<p>1. G\u0130R\u0130\u015e 6<\/p>\n\n<p>1.1 Giri\u015f 6<\/p>\n\n<p>1.2 Politika\u2019n\u0131n Amac\u0131 6<\/p>\n\n<p>1.3 Politika\u2019n\u0131n Kapsam\u0131 6<\/p>\n\n<p>1.4 Tan\u0131mlar 7<\/p>\n\n<p>1.5 Politika\u2019n\u0131n Y\u00fcr\u00fcrl\u00fc\u011f\u00fc 8<\/p>\n\n<p>2. K\u0130\u015e\u0130SEL VER\u0130LER\u0130N KORUNMASI 8<\/p>\n\n<p>2.1 Ki\u015fisel Verilerin G\u00fcvenli\u011fi 8<\/p>\n\n<p>2.2 Denetim 9<\/p>\n\n<p>2.3 Gizlilik 9<\/p>\n\n<p>2.4 Ki\u015fisel Verilerin Yetkisiz \u0130f\u015fas\u0131 9<\/p>\n\n<p>2.5 \u0130lgili Ki\u015filerin Yasal Haklar\u0131n\u0131n G\u00f6zetilmesi 9<\/p>\n\n<p>2.6 \u00d6zel Nitelikli Ki\u015fisel Verilerin Korunmas\u0131 9<\/p>\n\n<p>3. K\u0130\u015e\u0130SEL VER\u0130LER\u0130N \u0130\u015eLENMES\u0130 VE AKTARILMASI 9<\/p>\n\n<p>3.1 Ki\u015fisel Verilerin \u0130\u015flenmesinde ve Aktar\u0131lmas\u0131nda Genel \u0130lkeler 9<\/p>\n\n<p>3.1.1 Hukuka ve D\u00fcr\u00fcstl\u00fck Kurallar\u0131na Uygun Olma 10<\/p>\n\n<p>3.1.2 Do\u011fru ve Gerekti\u011finde G\u00fcncel Olma 10<\/p>\n\n<p>3.1.3 Belirli, A\u00e7\u0131k ve Me\u015fru Ama\u00e7lar \u0130\u00e7in \u0130\u015flenme 10<\/p>\n\n<p>3.1.4 \u0130\u015flendikleri Ama\u00e7la Ba\u011flant\u0131l\u0131, S\u0131n\u0131rl\u0131 ve \u00d6l\u00e7\u00fcl\u00fc Olma 10<\/p>\n\n<p>3.1.5 \u0130lgili Mevzuatta \u00d6ng\u00f6r\u00fclen veya \u0130\u015flendikleri Ama\u00e7 \u0130\u00e7in Gerekli Olan S\u00fcre Kadar Muhafaza Edilme 10<\/p>\n\n<p>3.2 Ki\u015fisel Verilerin \u0130\u015flenme \u015eartlar\u0131 10<\/p>\n\n<p>3.2.1 Kanunlarda A\u00e7\u0131k\u00e7a \u00d6ng\u00f6r\u00fclmesi 11<\/p>\n\n<p>3.2.2 Fiili \u0130mk\u00e2ns\u0131zl\u0131k Nedeniyle R\u0131zas\u0131n\u0131 A\u00e7\u0131klayamayacak Durumda Bulunan veya R\u0131zas\u0131na Hukuki Ge\u00e7erlilik Tan\u0131nmayan Ki\u015finin Kendisinin ya da Bir Ba\u015fkas\u0131n\u0131n Hayat\u0131 veya Beden B\u00fct\u00fcnl\u00fc\u011f\u00fcn\u00fcn Korunmas\u0131 i\u00e7in Zorunlu Olmas\u0131 11<\/p>\n\n<p>3.2.3 Bir S\u00f6zle\u015fmenin Kurulmas\u0131 veya \u0130fas\u0131yla Do\u011frudan Do\u011fruya \u0130lgili Olmas\u0131 Kayd\u0131yla, S\u00f6zle\u015fmenin Taraflar\u0131na Ait Ki\u015fisel Verilerin \u0130\u015flenmesinin Gerekli Olmas\u0131 11<\/p>\n\n<p>3.2.4 \u015eirketimizin Hukuki Y\u00fck\u00fcml\u00fcl\u00fc\u011f\u00fcn\u00fc Yerine Getirebilmesi \u0130\u00e7in Zorunlu Olmas\u0131 11<\/p>\n\n<p>3.2.5 \u0130lgili Ki\u015finin Kendisi Taraf\u0131ndan Alenile\u015ftirilmi\u015f Olmas\u0131 11<\/p>\n\n<p>3.2.6 Bir Hakk\u0131n Tesisi, Kullan\u0131lmas\u0131 veya Korunmas\u0131 \u0130\u00e7in Veri \u0130\u015flemenin Zorunlu Olmas\u0131 11<\/p>\n\n<p>3.2.7 \u0130lgili Ki\u015filerin Temel Hak ve \u00d6zg\u00fcrl\u00fcklerine Zarar Vermemek Kayd\u0131yla, \u015eirketimiz Taraf\u0131ndan Me\u015fru Menfaatleri \u0130\u00e7in Veri \u0130\u015flenmesinin Zorunlu Olmas\u0131 11<\/p>\n\n<p>3.3 \u00d6zel Nitelikli Ki\u015fisel Verilerin \u0130\u015flenme \u015eartlar\u0131 11<\/p>\n\n<p>3.3.1 \u0130lgili Ki\u015finin A\u00e7\u0131k R\u0131zas\u0131 12<\/p>\n\n<p>3.3.2 Kanunlarda A\u00e7\u0131k\u00e7a \u00d6ng\u00f6r\u00fclmesi 12<\/p>\n\n<p>3.3.3 \u0130lgili Ki\u015finin Alenile\u015ftirdi\u011fi Ki\u015fisel Verilere \u0130li\u015fkin ve Alenile\u015ftirme \u0130radesine Uygun Olmas\u0131 12<\/p>\n\n<p>3.4 Ki\u015fisel Verilerin Aktar\u0131lma \u015eartlar\u0131 12<\/p>\n\n<p>3.4.1 Ki\u015fisel Verilerin Yurt D\u0131\u015f\u0131na Aktar\u0131lma \u015eartlar\u0131 13<\/p>\n\n<p>4. K\u0130\u015e\u0130SEL VER\u0130 KATEGOR\u0130LER\u0130 VE VER\u0130 KONUSU K\u0130\u015e\u0130 GRUPLARI 13<\/p>\n\n<p>4.1 Ki\u015fisel Veri Kategorileri 13<\/p>\n\n<p>4.2 Veri Konusu Ki\u015fi Gruplar\u0131 14<\/p>\n\n<p>5. K\u0130\u015e\u0130SEL VER\u0130LER\u0130 TOPLAMA Y\u00d6NTEM\u0130 15<\/p>\n\n<p>5.1 Ki\u015fisel Verileri Toplama Y\u00f6ntemi 15<\/p>\n\n<p>\u25cf Evrak 16<\/p>\n\n<p>\u25cf E-Posta 16<\/p>\n\n<p>\u25cf Sistemsel 16<\/p>\n\n<p>\u25cf S\u00f6zl\u00fc \u0130leti\u015fim 16<\/p>\n\n<p>\u25cf Telefon 16<\/p>\n\n<p>6. K\u0130\u015e\u0130SEL VER\u0130LER\u0130N \u0130\u015eLENME AMA\u00c7LARI 16<\/p>\n\n<p>6.1 Veri Konusu Ki\u015fi Gruplar\u0131n\u0131n Ki\u015fisel Veri Kategorilerine \u0130li\u015fkin \u0130\u015flenme Ama\u00e7lar\u0131 ile E\u015fle\u015ftirilmesi 16<\/p>\n\n<p>7. K\u0130\u015e\u0130SEL VER\u0130LER\u0130N AKTARILMA AMA\u00c7LARI VE AKTARILDI\u011eI K\u0130\u015e\u0130LER\/KURULU\u015eLAR 20<\/p>\n\n<p>7.1 Ki\u015fisel Verilerin Aktar\u0131lma Ama\u00e7lar\u0131 20<\/p>\n\n<p>7.2 Ki\u015fisel Verilerin Aktar\u0131ld\u0131\u011f\u0131 Ki\u015filer\/Kurulu\u015flar 21<\/p>\n\n<p>8. K\u0130\u015e\u0130SEL VER\u0130LER\u0130N \u0130MHASI VE SAKLANMA S\u00dcRELER\u0130 21<\/p>\n\n<p>8.1 Ki\u015fisel Verilerin \u0130mhas\u0131 21<\/p>\n\n<p>8.2 Ki\u015fisel Verilerin Saklanma S\u00fcreleri 21<\/p>\n\n<p>9. K\u0130\u015e\u0130SEL VER\u0130 SAH\u0130B\u0130N\u0130N AYDINLATILMASI VE KVK KANUNU UYARINCA HAKLARI 22<\/p>\n\n<p>9.1 \u0130lgili Ki\u015finin Ayd\u0131nlat\u0131lmas\u0131 22<\/p>\n\n<p>9.2 Politika ve Kanun\u2019un Tamamen veya K\u0131smen Uygulanmayaca\u011f\u0131 Haller 22<\/p>\n\n<p>9.3 \u0130lgili Ki\u015finin KVK Kanunu Uyar\u0131nca Haklar\u0131 22<\/p>\n\n<ul class=\"wp-block-list\">\n<li>G\u0130R\u0130\u015e\n<ul class=\"wp-block-list\">\n<li>Giri\u015f<\/li>\n<\/ul>\n<\/li>\n<\/ul>\n\n<p>Letgen Biyoteknoloji Laboratuvar \u00dcr\u00fcnleri \u0130\u00e7 ve D\u0131\u015f Ticaret Limited \u015eirketi (\u201c<strong>\u015eirket<\/strong>\u201d) ki\u015fisel verilerin korunmas\u0131 ve i\u015flenmesinde ba\u015fta Anayasa\u2019n\u0131n 20. maddesinde d\u00fczenlenen \u00f6zel hayat\u0131n gizlili\u011fi olmak \u00fczere ki\u015filerin temel hak ve \u00f6zg\u00fcrl\u00fcklerini korumaya azami \u00f6nem atfetmektedir. Bu \u00e7er\u00e7evede, 6698 say\u0131l\u0131 Ki\u015fisel Verilerin Korunmas\u0131 Kanunu (\u201c<strong>Kanun<\/strong>\u201d ya da \u201c<strong>KVK Kanunu<\/strong>\u201d) uyar\u0131nca ki\u015fisel verilerin hukuka uygun olarak korunmas\u0131 ve i\u015flenmesine \u00f6zen g\u00f6stermekte, t\u00fcm planlama ve faaliyetlerinde bu anlay\u0131\u015fla hareket etmektedir.\u00a0<\/p>\n\n<p>\u015eirketimiz, \u00f6zel hayat\u0131n gizlili\u011finin temeli olan ki\u015fisel verilerin korunmas\u0131 ve i\u015flenmesini sadece mevzuata uyum sa\u011flama kapsam\u0131nda de\u011ferlendirmemekte, yakla\u015f\u0131m\u0131n\u0131n temeline insana verdi\u011fi de\u011feri koymaktad\u0131r. Bu bilin\u00e7le hareket eden \u015eirketimiz ki\u015fisel verilerin hukuka uygun olarak korunmas\u0131 ve i\u015flenmesi i\u00e7in gerekli her t\u00fcrl\u00fc idari ve teknik \u00f6nlemi almaktad\u0131r.\u00a0 \u00a0 \u00a0<\/p>\n\n<ul class=\"wp-block-list\">\n<li>Politika\u2019n\u0131n Amac\u0131<\/li>\n<\/ul>\n\n<p>Ki\u015fisel Verilerin Korunmas\u0131 ve \u0130\u015flenmesi Politikas\u0131\u2019n\u0131n (\u201c<strong>Politika<\/strong>\u201d) amac\u0131, Kanun\u2019un amac\u0131na uygun olarak tamamen veya k\u0131smen otomatik olan ya da herhangi bir veri kay\u0131t sisteminin par\u00e7as\u0131 olmak kayd\u0131yla otomatik olmayan yollarla i\u015flenen ki\u015fisel verilerin korunmas\u0131 ve i\u015flenmesinde ba\u015fta Anayasa\u2019n\u0131n 20. maddesinde d\u00fczenlenen \u00f6zel hayat\u0131n gizlili\u011fi olmak \u00fczere ki\u015filerin temel hak ve \u00f6zg\u00fcrl\u00fcklerini azami derecede korumak ve \u015eirketimizin y\u00fck\u00fcml\u00fcl\u00fckleri ile Kanun uyar\u0131nca uyaca\u011f\u0131 usul ve esaslar hakk\u0131nda ki\u015fisel veri sahiplerini (ilgili ki\u015fi) bilgilendirmektir. Politika\u2019n\u0131n amac\u0131 do\u011frultusunda, \u015eirketimiz taraf\u0131ndan ger\u00e7ekle\u015ftirilen ki\u015fisel verilerin korunmas\u0131 ve i\u015flenmesi faaliyetlerinde mevzuata tam uyumun sa\u011flanmas\u0131 ve ki\u015fisel veri sahiplerinin \u00f6zel hayat\u0131n gizlili\u011fi ve veri g\u00fcvenli\u011fi hakk\u0131n\u0131n korunmas\u0131 hedeflenmektedir.<\/p>\n\n<ul class=\"wp-block-list\">\n<li>Politika\u2019n\u0131n Kapsam\u0131\u00a0<\/li>\n<\/ul>\n\n<p>Bu Politika; ger\u00e7ek ki\u015fi olmak kayd\u0131yla \u00dc\u00e7\u00fcnc\u00fc Ki\u015fi (Referans Ki\u015fisi), Hizmet Sa\u011flay\u0131c\u0131, M\u00fc\u015fteri, M\u00fc\u015fteri Yetkilisi, M\u00fc\u015fteri \u00c7al\u0131\u015fan\u0131, Tedarik\u00e7i, Tedarik\u00e7i Yetkilisi, Tedarik\u00e7i \u00c7al\u0131\u015fan\u0131, Hizmet Sa\u011flay\u0131c\u0131 Yetkilisi, Hizmet Sa\u011flay\u0131c\u0131 \u00c7al\u0131\u015fan\u0131, \u00c7al\u0131\u015fan Aday\u0131, \u015eirket Yetkilisi, Ziyaret\u00e7i, Hissedar\/Ortak ki\u015fi gruplar\u0131 i\u00e7in haz\u0131rlanm\u0131\u015ft\u0131r ve bu belirtilen ki\u015filer kapsam\u0131nda uygulanacakt\u0131r. \u015eirket, bu Politika\u2019y\u0131 internet sitesinde yay\u0131mlamak suretiyle bu ki\u015fisel veri sahiplerini Kanun hakk\u0131nda bilgilendirmektedir. Hangi s\u0131fatla olursa olsun t\u00fczel ki\u015filere bu Politika uygulanmayacakt\u0131r. \u015eirketimiz \u00e7al\u0131\u015fanlar\u0131 i\u00e7in, \u201c\u00c7al\u0131\u015fanlar i\u00e7in Ki\u015fisel Verilerin \u0130\u015flenmesi Politikas\u0131\u201d uygulanacakt\u0131r.\u00a0<\/p>\n\n<p>Bu Politika, yukar\u0131da belirtilen ilgili ki\u015filer i\u00e7in, ki\u015fisel verilerinin tamamen veya k\u0131smen otomatik olan ya da herhangi bir veri kay\u0131t sisteminin par\u00e7as\u0131 olmak kayd\u0131yla otomatik olmayan yollarla \u015eirketimiz taraf\u0131ndan i\u015flenmesi halinde uygulanacakt\u0131r. Verinin a\u015fa\u011f\u0131da belirtilen kapsamda \u201cKi\u015fisel Veri\u201d kapsam\u0131nda yer almamas\u0131 veya \u015eirketimiz taraf\u0131ndan ger\u00e7ekle\u015ftirilen ki\u015fisel veri i\u015fleme faaliyetinin yukar\u0131da belirtilen yollarla olmamas\u0131 halinde bu Politika uygulanmayacakt\u0131r.\u00a0<\/p>\n\n<ul class=\"wp-block-list\">\n<li>Tan\u0131mlar<\/li>\n<\/ul>\n\n<p>The concepts used in the implementation of this Policy shall have the meanings set out below:<\/p>\n\n<figure class=\"wp-block-table\"><table class=\"has-fixed-layout\"><tbody><tr><td>A\u00e7\u0131k R\u0131za<\/td><td>It is consent that is informed, given freely, and expressed with respect to a specific subject.<\/td><\/tr><tr><td>Alenile\u015ftirme<\/td><td>\u201cHerkes taraf\u0131ndan bilinir k\u0131lma\u201d anlam\u0131nda olan alenile\u015ftirme kavram\u0131, 6698 say\u0131l\u0131 Kanun\u2019un 5. maddesinde, ki\u015fisel verilerin i\u015flenebilmesi i\u00e7in gerekli olan \u201cki\u015fisel verisi i\u015flenen ger\u00e7ek ki\u015finin a\u00e7\u0131k r\u0131zas\u0131n\u0131n al\u0131nmas\u0131 gereklili\u011fi\u201dnin istisnalar\u0131ndan biri olarak say\u0131lm\u0131\u015ft\u0131r.\u00a0<\/td><\/tr><tr><td>Ayd\u0131nlatma Y\u00fck\u00fcml\u00fcl\u00fc\u011f\u00fc<\/td><td>Veri sorumlusunun, ki\u015fisel verilerini i\u015fledi\u011fi ki\u015filere, bu verilerinin kim taraf\u0131ndan, hangi ama\u00e7larla ve hangi hukuki gerek\u00e7elere dayanarak i\u015flenebilece\u011fi, kimlere hangi ama\u00e7larla aktar\u0131labilece\u011fi hususunda bilgi vermesi y\u00fck\u00fcml\u00fcl\u00fc\u011f\u00fcd\u00fcr.\u00a0<\/td><\/tr><tr><td>\u0130lgili Kullan\u0131c\u0131<\/td><td>Persons who process personal data within the data controller organization or in accordance with the authority and instructions received from the data controller, excluding the person or unit responsible for the technical storage, protection and backup of data.<\/td><\/tr><tr><td>\u0130mha<\/td><td>It refers to the deletion, destruction or anonymization of personal data.<\/td><\/tr><tr><td>Ki\u015fisel Verilerin \u0130\u015flenmesi<\/td><td>It is any operation performed on data such as obtaining, recording, storing, preserving, changing, rearranging, disclosing, transferring, taking over, making available, classifying or preventing the use of Personal Data, either fully or partially by automatic means or non-automatic means provided that it is part of any data recording system.<\/td><\/tr><tr><td>KVK Kurulu<\/td><td>It is the Personal Data Protection Board.<\/td><\/tr><tr><td>\u0130lgili Ki\u015fi \/ Ki\u015fisel Veri Sahibi<\/td><td>\u00dc\u00e7\u00fcnc\u00fc Ki\u015fi (Referans Ki\u015fisi), Hizmet Sa\u011flay\u0131c\u0131, M\u00fc\u015fteri, M\u00fc\u015fteri Yetkilisi, M\u00fc\u015fteri \u00c7al\u0131\u015fan\u0131, Tedarik\u00e7i, Tedarik\u00e7i Yetkilisi, Tedarik\u00e7i \u00c7al\u0131\u015fan\u0131, Hizmet Sa\u011flay\u0131c\u0131 Yetkilisi, Hizmet Sa\u011flay\u0131c\u0131 \u00c7al\u0131\u015fan\u0131, \u00c7al\u0131\u015fan Aday\u0131, \u015eirket Yetkilisi, Ziyaret\u00e7i, Hissedar\/Ortak ki\u015fi gruplar\u0131n\u0131 ifade eder.<\/td><\/tr><tr><td>Ki\u015fisel Veri<\/td><td>It is any information relating to an identified or identifiable natural person.<\/td><\/tr><tr><td>Kurum<\/td><td>It is the Personal Data Protection Authority consisting of the Board and the Presidency.<\/td><\/tr><tr><td>Otomatik Olarak Veri \u0130\u015fleme<\/td><td>It is a processing activity that is carried out automatically by devices with processors such as computers, phones, watches, etc., without human intervention, within the scope of algorithms prepared in advance through software or hardware features. <\/td><\/tr><tr><td>\u00d6zel Nitelikli Ki\u015fisel Veri<\/td><td>Data related to race, ethnicity, political opinion, philosophical belief, religion, sect or other beliefs, dress code, membership in associations, foundations or unions, health, sexual life, criminal convictions and security measures, as well as biometric and genetic data are special data.<\/td><\/tr><tr><td>Sicil<\/td><td>It is the Registry of Data Controllers.<\/td><\/tr><tr><td>\u015eirket \/ \u015eirketimiz<\/td><td>Letgen Biyoteknoloji Laboratuvar \u00dcr\u00fcnleri \u0130\u00e7 ve D\u0131\u015f Ticaret Limited \u015eirketi<\/td><\/tr><tr><td>Veri \u0130\u015fleyen<\/td><td>Veri sorumlusunun verdi\u011fi yetkiye dayanarak onun ad\u0131na Ki\u015fisel Veri i\u015fleyen ger\u00e7ek veya t\u00fczel ki\u015fidir.\u00a0<\/td><\/tr><tr><td>Veri Kay\u0131t Sistemi<\/td><td>It refers to the recording system in which Personal Data is structured and processed according to certain criteria.<\/td><\/tr><tr><td>Veri Kategorisi<\/td><td>It is the personal data class of the data subject group or groups in which personal data are grouped according to their common characteristics.<\/td><\/tr><tr><td>Veri Konusu Ki\u015fi Grubu<\/td><td>It is the relevant person group whose personal data is processed by the data controller.<\/td><\/tr><tr><td>Veri Sorumlusu<\/td><td>It is the natural or legal person who determines the purposes and means of processing Personal Data and is responsible for the establishment and management of the data recording system.<\/td><\/tr><\/tbody><\/table><\/figure>\n\n<ul class=\"wp-block-list\">\n<li>Politika\u2019n\u0131n Y\u00fcr\u00fcrl\u00fc\u011f\u00fc<\/li>\n<\/ul>\n\n<p>Letgen Biyoteknoloji Laboratuvar \u00dcr\u00fcnleri \u0130\u00e7 ve D\u0131\u015f Ticaret Limited \u015eirketi taraf\u0131ndan d\u00fczenlenerek\u00a0 <strong>\u2026\/\u2026\/\u2026. <\/strong>tarihinde y\u00fcr\u00fcrl\u00fc\u011fe giren Politika, \u015eirket\u2019in https:\/\/letgenbio.com internet sitesinde ilgili ki\u015filerin eri\u015fimine sunulur.<\/p>\n\n<ul class=\"wp-block-list\">\n<li>K\u0130\u015e\u0130SEL VER\u0130LER\u0130N KORUNMASI\n<ul class=\"wp-block-list\">\n<li>Ki\u015fisel Verilerin G\u00fcvenli\u011fi<\/li>\n<\/ul>\n<\/li>\n<\/ul>\n\n<p>Our Company takes all kinds of administrative and technical measures to ensure the appropriate level of security in order to securely store personal data in accordance with the Law and to prevent the unlawful processing and access of personal data. The administrative and technical measures taken regarding the security of personal data are regulated in detail in our Company&#8217;s Personal Data Storage and Destruction Policy. <\/p>\n\n<p>\u015eirketimiz Kanun ve sair mevzuatta yer alan d\u00fczenlemelere uygun hareket edilmesini teminen \u201cKi\u015fisel Verilerin Korunmas\u0131 Y\u00f6netim Sistemi\u201dni kurmu\u015f ve bu kapsamda Politika\u2019n\u0131n ve ilgili di\u011fer politikalar\u0131n uygulanmas\u0131n\u0131 sa\u011flamak i\u00e7in b\u00fcnyesinde Ki\u015fisel Verileri Koruma Komitesi\u2019ni olu\u015fturmu\u015ftur.\u00a0<\/p>\n\n<ul class=\"wp-block-list\">\n<li>Denetim<\/li>\n<\/ul>\n\n<p>Our Company carries out and has the necessary audits carried out in order to ensure the establishment of data security described above and the regularity and continuity of the measures taken. The Personal Data Protection Committee audits the measures taken for the security of personal data. <\/p>\n\n<ul class=\"wp-block-list\">\n<li>Gizlilik\u00a0<\/li>\n<\/ul>\n\n<p>Our Company takes all necessary administrative and technical measures, according to technological possibilities and application costs, to ensure that the relevant data controllers and data processors do not disclose the personal data they have to others in violation of the Law and Policy provisions and do not use them for purposes other than processing. In this context, information and training activities are carried out for company employees about the Law and Policy, and confidentiality agreements are signed as part of the recruitment processes of the relevant employees. <\/p>\n\n<ul class=\"wp-block-list\">\n<li>Ki\u015fisel Verilerin Yetkisiz \u0130f\u015fas\u0131<\/li>\n<\/ul>\n\n<p>If the personal data processed by our Company is obtained by others through unlawful means, our Company will carry out the necessary procedures to notify the relevant person and the PDPL Board within the periods determined by the PDPL Board. If deemed necessary by the PDPL Board, this situation will be announced on the PDPL Board&#8217;s website or by another method deemed appropriate by the PDPL Board. <\/p>\n\n<ul class=\"wp-block-list\">\n<li>\u0130lgili Ki\u015filerin Yasal Haklar\u0131n\u0131n G\u00f6zetilmesi<\/li>\n<\/ul>\n\n<p>Our Company observes all legal rights of relevant persons regarding the implementation of the Policy and the Law and takes all necessary measures to protect these rights.<\/p>\n\n<ul class=\"wp-block-list\">\n<li>\u00d6zel Nitelikli Ki\u015fisel Verilerin Korunmas\u0131<\/li>\n<\/ul>\n\n<p>The data of individuals regarding their race, ethnic origin, political opinion, philosophical belief, religion, sect or other beliefs, clothing, association, foundation or union membership, health, sexual life, criminal convictions and security measures, as well as biometric and genetic data are special categories of personal data. Our Company is aware that special categories of personal data are data that may cause the relevant person to be victimized or discriminated against if learned by others, and therefore takes the necessary measures determined by the Board with sensitivity to protect such personal data processed in accordance with the law. Within this framework; It has a systematic, clearly defined, manageable and sustainable separate policy (Security Policy for Special Categories of Personal Data) and procedure.  <\/p>\n\n<ul class=\"wp-block-list\">\n<li>K\u0130\u015e\u0130SEL VER\u0130LER\u0130N \u0130\u015eLENMES\u0130 VE AKTARILMASI\n<ul class=\"wp-block-list\">\n<li>Ki\u015fisel Verilerin \u0130\u015flenmesinde ve Aktar\u0131lmas\u0131nda Genel \u0130lkeler<\/li>\n<\/ul>\n<\/li>\n<\/ul>\n\n<p>Personal data is processed by our Company in accordance with the procedures and principles stipulated in the Law and this Policy. Our Company complies with the following principles when processing personal data. <\/p>\n\n<ul class=\"wp-block-list\">\n<li>Hukuka ve D\u00fcr\u00fcstl\u00fck Kurallar\u0131na Uygun Olma\u00a0<\/li>\n<\/ul>\n\n<p>\u015eirketimiz ki\u015fisel verileri ilgili mevzuata ve d\u00fcr\u00fcstl\u00fck kural\u0131n\u0131n gereklerine uygun olarak i\u015fler ve bu s\u0131n\u0131rlar i\u00e7erisinde kullan\u0131r. D\u00fcr\u00fcstl\u00fck kural\u0131na uygun olma ilkesi uyar\u0131nca \u015eirketimiz, veri i\u015flemedeki hedeflerine ula\u015fmaya \u00e7al\u0131\u015f\u0131rken ilgili ki\u015filerin \u00e7\u0131karlar\u0131n\u0131 ve makul beklentilerini dikkate al\u0131r. \u0130lgili ki\u015finin beklemedi\u011fi ve beklemesinin de gerekmedi\u011fi sonu\u00e7lar\u0131n ortaya \u00e7\u0131kmas\u0131n\u0131 \u00f6nleyici \u015fekilde hareket eder. \u0130lke uyar\u0131nca ayr\u0131ca ilgili ki\u015fi i\u00e7in s\u00f6z konusu veri i\u015fleme faaliyetinin \u015feffaf olmas\u0131n\u0131 sa\u011flar; bilgilendirme ve uyar\u0131 y\u00fck\u00fcml\u00fcl\u00fcklerine uygun hareket eder.\u00a0<\/p>\n\n<ul class=\"wp-block-list\">\n<li>Do\u011fru ve Gerekti\u011finde G\u00fcncel Olma<\/li>\n<\/ul>\n\n<p>Our Company ensures that the personal data it processes is accurate and up-to-date, taking into account the fundamental rights and legitimate interests of the relevant persons. In this context, it carefully considers issues such as determining the sources from which the data is obtained, confirming its accuracy, and evaluating whether it needs to be updated. In accordance with its active due diligence obligation, our Company always keeps channels open to ensure that the information of the personal data owner is accurate and up-to-date. Keeping personal data accurate and up-to-date is necessary for the protection of the fundamental rights and freedoms of the relevant person, as well as protecting the interests of our Company.   <\/p>\n\n<ul class=\"wp-block-list\">\n<li>Belirli, A\u00e7\u0131k ve Me\u015fru Ama\u00e7lar \u0130\u00e7in \u0130\u015flenme\u00a0<\/li>\n<\/ul>\n\n<p>Our Company clearly and precisely determines the purpose of data processing and ensures that this purpose is legitimate. The legitimacy of the purpose means that the personal data processed by our Company is related to the work it does or the service it provides and is necessary for them. Our Company does not process data for purposes other than these purposes. In this respect, it shows sensitivity to compliance with the principle of clarity and explicitness in legal transactions and texts in which personal data processing purposes are explained.   <\/p>\n\n<ul class=\"wp-block-list\">\n<li>\u0130\u015flendikleri Ama\u00e7la Ba\u011flant\u0131l\u0131, S\u0131n\u0131rl\u0131 ve \u00d6l\u00e7\u00fcl\u00fc Olma\u00a0<\/li>\n<\/ul>\n\n<p>\u015eirketimiz i\u015flenen ki\u015fisel verilerin, belirlenen ama\u00e7lar\u0131n ger\u00e7ekle\u015ftirilebilmesine elveri\u015fli olmas\u0131na dikkat eder ve amac\u0131n ger\u00e7ekle\u015ftirilmesiyle ilgili olmayan veya ihtiya\u00e7 duyulmayan verilerin i\u015flenmesinden ka\u00e7\u0131n\u0131r. \u015eirketimiz mevcutta olmayan ve sonradan ger\u00e7ekle\u015fmesi d\u00fc\u015f\u00fcn\u00fclen ama\u00e7larla ki\u015fisel veri toplamaz veya i\u015flemez. Sonradan ortaya \u00e7\u0131kmas\u0131 muhtemel ihtiya\u00e7lar\u0131n kar\u015f\u0131lanmas\u0131na y\u00f6nelik olarak veri i\u015flemek i\u00e7in i\u015flemeye ilk kez ba\u015fl\u0131yor gibi Kanun\u2019da d\u00fczenlenmi\u015f olan i\u015fleme \u015fartlar\u0131n\u0131 ger\u00e7ekle\u015ftirir. Ayr\u0131ca i\u015flenen veriyi sadece amac\u0131n ger\u00e7ekle\u015ftirilmesi i\u00e7in gerekli olanla s\u0131n\u0131rl\u0131 tutar. \u00d6l\u00e7\u00fcl\u00fcl\u00fck ilkesi kapsam\u0131nda, veri i\u015fleme ile ger\u00e7ekle\u015ftirilmesi istenen ama\u00e7 aras\u0131nda makul bir denge kurar.\u00a0<\/p>\n\n<ul class=\"wp-block-list\">\n<li>\u0130lgili Mevzuatta \u00d6ng\u00f6r\u00fclen veya \u0130\u015flendikleri Ama\u00e7 \u0130\u00e7in Gerekli Olan S\u00fcre Kadar Muhafaza Edilme\u00a0<\/li>\n<\/ul>\n\n<p>\u015eirketimiz ilgili mevzuatta verilerin saklanmas\u0131 i\u00e7in \u00f6ng\u00f6r\u00fclen bir s\u00fcre bulunmas\u0131 halinde bu s\u00fcrelere uyum g\u00f6sterir; aksi durumda ki\u015fisel verileri, ancak i\u015flendikleri ama\u00e7 i\u00e7in gerekli olan s\u00fcre kadar muhafaza eder. \u015eirketimiz taraf\u0131ndan bir ki\u015fisel verinin daha fazla saklanmas\u0131 i\u00e7in ge\u00e7erli bir sebep olmamas\u0131 durumunda s\u00f6z konusu veri silinir, yok edilir veya anonim hale getirilir. Ki\u015fisel verilerin saklanmas\u0131 ve imhas\u0131na ili\u015fkin prosed\u00fcrler \u015eirketimizin Ki\u015fisel Veri Saklama ve \u0130mha Politikas\u0131\u2019nda ayr\u0131nt\u0131l\u0131 olarak d\u00fczenlenmektedir. \u00a0<\/p>\n\n<ul class=\"wp-block-list\">\n<li>Ki\u015fisel Verilerin \u0130\u015flenme \u015eartlar\u0131\u00a0<\/li>\n<\/ul>\n\n<p>Our Company does not process personal data without the explicit consent of the relevant person. Personal data can only be processed without seeking the explicit consent of the relevant person if one of the following conditions exists: <\/p>\n\n<ul class=\"wp-block-list\">\n<li>Kanunlarda A\u00e7\u0131k\u00e7a \u00d6ng\u00f6r\u00fclmesi<\/li>\n<\/ul>\n\n<p>Our Company may process personal data without seeking the explicit consent of the relevant person in cases explicitly stipulated by the laws.<\/p>\n\n<ul class=\"wp-block-list\">\n<li>Fiili \u0130mk\u00e2ns\u0131zl\u0131k Nedeniyle R\u0131zas\u0131n\u0131 A\u00e7\u0131klayamayacak Durumda Bulunan veya R\u0131zas\u0131na Hukuki Ge\u00e7erlilik Tan\u0131nmayan Ki\u015finin Kendisinin ya da Bir Ba\u015fkas\u0131n\u0131n Hayat\u0131 veya Beden B\u00fct\u00fcnl\u00fc\u011f\u00fcn\u00fcn Korunmas\u0131 i\u00e7in Zorunlu Olmas\u0131\u00a0<\/li>\n<\/ul>\n\n<p>\u015eirketimiz r\u0131zan\u0131n a\u00e7\u0131klanamad\u0131\u011f\u0131 ya da ge\u00e7erli olmad\u0131\u011f\u0131 hallerde ki\u015filerin hayat veya beden b\u00fct\u00fcnl\u00fc\u011f\u00fcn\u00fcn korunmas\u0131 i\u00e7in ki\u015fisel verileri a\u00e7\u0131k r\u0131za aramaks\u0131z\u0131n i\u015fleyebilir.\u00a0<\/p>\n\n<ul class=\"wp-block-list\">\n<li>Bir S\u00f6zle\u015fmenin Kurulmas\u0131 veya \u0130fas\u0131yla Do\u011frudan Do\u011fruya \u0130lgili Olmas\u0131 Kayd\u0131yla, S\u00f6zle\u015fmenin Taraflar\u0131na Ait Ki\u015fisel Verilerin \u0130\u015flenmesinin Gerekli Olmas\u0131\u00a0<\/li>\n<\/ul>\n\n<p>If it is necessary to process the personal data of the parties to the contract directly related to the establishment or performance of a contract, our Company may process the personal data of the relevant persons without seeking explicit consent, limited to this purpose, as required by the ordinary course of life.<\/p>\n\n<ul class=\"wp-block-list\">\n<li>\u015eirketimizin Hukuki Y\u00fck\u00fcml\u00fcl\u00fc\u011f\u00fcn\u00fc Yerine Getirebilmesi \u0130\u00e7in Zorunlu Olmas\u0131<\/li>\n<\/ul>\n\n<p>\u015eirketimiz veri sorumlusu olarak hukuki y\u00fck\u00fcml\u00fcl\u00fcklerini yerine getirebilmek i\u00e7in zorunlu oldu\u011fu hallerde ilgili ki\u015finin ki\u015fisel verilerini a\u00e7\u0131k r\u0131za aramaks\u0131z\u0131n i\u015fleyebilir.\u00a0<\/p>\n\n<ul class=\"wp-block-list\">\n<li>\u0130lgili Ki\u015finin Kendisi Taraf\u0131ndan Alenile\u015ftirilmi\u015f Olmas\u0131<\/li>\n<\/ul>\n\n<p>\u015eirketimiz; ilgili ki\u015filerin kendileri taraf\u0131ndan alenile\u015ftirilen, bir ba\u015fka ifadeyle herhangi bir \u015fekilde kamuoyuna a\u00e7\u0131klanm\u0131\u015f olan ki\u015fisel verilerini, ilgili ki\u015filer taraf\u0131ndan alenile\u015ftirilen ve b\u00f6ylelikle herkes taraf\u0131ndan bilinebilecek hale gelen bu t\u00fcr verilerin i\u015flenmesinde korunmas\u0131 gereken hukuki yarar\u0131n ortadan kalkt\u0131\u011f\u0131 kabul edilmesi sebebiyle alenile\u015ftirme amac\u0131yla s\u0131n\u0131rl\u0131 olarak i\u015fleyebilir.\u00a0<\/p>\n\n<ul class=\"wp-block-list\">\n<li>Bir Hakk\u0131n Tesisi, Kullan\u0131lmas\u0131 veya Korunmas\u0131 \u0130\u00e7in Veri \u0130\u015flemenin Zorunlu Olmas\u0131<\/li>\n<\/ul>\n\n<p>\u015eirketimiz hukuken me\u015fru bir hakk\u0131n kullan\u0131lmas\u0131 veya korunmas\u0131 i\u00e7in veri i\u015flemenin zorunlu oldu\u011fu hallerde ilgili ki\u015filerin ki\u015fisel verilerini a\u00e7\u0131k r\u0131za aramaks\u0131z\u0131n i\u015fleyebilir.\u00a0<\/p>\n\n<ul class=\"wp-block-list\">\n<li>\u0130lgili Ki\u015filerin Temel Hak ve \u00d6zg\u00fcrl\u00fcklerine Zarar Vermemek Kayd\u0131yla, \u015eirketimiz Taraf\u0131ndan Me\u015fru Menfaatleri \u0130\u00e7in Veri \u0130\u015flenmesinin Zorunlu Olmas\u0131<\/li>\n<\/ul>\n\n<p>Our Company may process the personal data of the relevant persons in cases where it is mandatory to process personal data in order to ensure the legitimate interests of the relevant persons, provided that it does not harm the fundamental rights and freedoms protected under the Law and Policy. Our Company shows the necessary sensitivity in complying with the basic principles regarding the protection of personal data and in ensuring the balance of interests between our Company and personal data owners. Legitimate interest means; It is a legitimate, effective, specific and currently existing interest that can compete with the fundamental rights and freedoms of the relevant person. Our Company takes additional protective measures to ensure that the rights of the relevant person are not harmed. A reasonable balance is ensured between the interests of our Company and the fundamental rights and freedoms of the relevant person.    <\/p>\n\n<ul class=\"wp-block-list\">\n<li>\u00d6zel Nitelikli Ki\u015fisel Verilerin \u0130\u015flenme \u015eartlar\u0131<\/li>\n<\/ul>\n\n<p>\u015eirketimiz \u00f6zel nitelikli ki\u015fisel verileri kural olarak i\u015flemez. \u00d6zel nitelikli ki\u015fisel veriler \u015eirketimizce yaln\u0131zca a\u015fa\u011f\u0131daki \u015fartlardan birinin varl\u0131\u011f\u0131 h\u00e2linde i\u015flenebilir:\u00a0<\/p>\n\n<ul class=\"wp-block-list\">\n<li>\u0130lgili Ki\u015finin A\u00e7\u0131k R\u0131zas\u0131<\/li>\n<\/ul>\n\n<p>\u0130lgili ki\u015finin ayd\u0131nlatmaya dayal\u0131 ve hukuken me\u015fru i\u015fleme ama\u00e7lar\u0131na y\u00f6nelik a\u00e7\u0131k r\u0131zas\u0131 ile \u00f6zel nitelikli ki\u015fisel veriler i\u015flenebilir.\u00a0<\/p>\n\n<ul class=\"wp-block-list\">\n<li>Kanunlarda A\u00e7\u0131k\u00e7a \u00d6ng\u00f6r\u00fclmesi<\/li>\n<\/ul>\n\n<p>\u0130lgili ki\u015finin \u00f6zel nitelikli ki\u015fisel verileri kanunlar\u0131n a\u00e7\u0131k\u00e7a \u00f6ng\u00f6rd\u00fc\u011f\u00fc hallerde kanunda belirtilen h\u00e2llerle s\u0131n\u0131rl\u0131 olarak i\u015flenebilir.<\/p>\n\n<ul class=\"wp-block-list\">\n<li>\u0130lgili Ki\u015finin Alenile\u015ftirdi\u011fi Ki\u015fisel Verilere \u0130li\u015fkin ve Alenile\u015ftirme \u0130radesine Uygun Olmas\u0131<\/li>\n<\/ul>\n\n<p>\u0130lgili ki\u015fi taraf\u0131ndan alenile\u015ftirilen ki\u015fisel veriler, yaln\u0131zca ilgili ki\u015finin alenile\u015ftirme iradesine y\u00f6nelik ama\u00e7lar ile s\u0131n\u0131rl\u0131 ve bu ama\u00e7lara uygun olarak i\u015flenebilir.\u00a0<\/p>\n\n<ul class=\"wp-block-list\">\n<li>\u00a0 <strong>Bir Hakk\u0131n Tesisi, Kullan\u0131lmas\u0131 veya Korunmas\u0131 i\u00e7in Zorunlu Olmas\u0131<\/strong><\/li>\n<\/ul>\n\n<p>\u0130lgili ki\u015fiye ait \u00f6zel nitelikli ki\u015fisel verilerin bu ki\u015fi taraf\u0131ndan bir hakk\u0131n kullan\u0131lmas\u0131, bu ki\u015fiye bir hakk\u0131n tesisi yahut bir hakk\u0131n korunmas\u0131 i\u00e7in zorunlu oldu\u011fu h\u00e2llerde bu ama\u00e7lara y\u00f6nelik ve s\u0131n\u0131rl\u0131 olarak i\u015flenebilir.<\/p>\n\n<ul class=\"wp-block-list\">\n<li><strong>S\u0131r Saklama Y\u00fck\u00fcml\u00fcl\u00fc\u011f\u00fc Alt\u0131nda Bulunan Ki\u015filer veya Yetkili Kurum ve Kurulu\u015flarca, Kamu Sa\u011fl\u0131\u011f\u0131n\u0131n Korunmas\u0131, Koruyucu Hekimlik, T\u0131bbi Te\u015fhis, Tedavi ve Bak\u0131m Hizmetlerinin Y\u00fcr\u00fct\u00fclmesi ile Sa\u011fl\u0131k Hizmetlerinin Planlanmas\u0131, Y\u00f6netimi ve Finansman\u0131 Amac\u0131yla Gerekli Olmas\u0131<\/strong><\/li>\n<\/ul>\n\n<p>Ancak mesleki kurallar yahut yasal d\u00fczenlemeler gere\u011fi s\u0131r saklama y\u00fck\u00fcml\u00fcl\u00fc\u011f\u00fc alt\u0131nda olan hekimler gibi yetkili ki\u015filer taraf\u0131ndan kamu sa\u011fl\u0131\u011f\u0131n\u0131n korunmas\u0131, koruyucu hekimlik, t\u0131bbi te\u015fhis, tedavi ve bak\u0131m hizmetlerinin y\u00fcr\u00fct\u00fclmesi ile sa\u011fl\u0131k hizmetlerinin planlanmas\u0131, y\u00f6netimi ve finansman\u0131 gibi ama\u00e7lara \u00f6zel nitelikte ki\u015fisel veriler i\u015flenebilir.\u00a0<\/p>\n\n<ul class=\"wp-block-list\">\n<li><strong>\u0130stihdam, \u0130\u015f Sa\u011fl\u0131\u011f\u0131 ve G\u00fcvenli\u011fi, Sosyal G\u00fcvenlik, Sosyal Hizmetler ve Sosyal Yard\u0131m Alanlar\u0131ndaki Hukuki Y\u00fck\u00fcml\u00fcl\u00fcklerin Yerine Getirilmesi \u0130\u00e7in Zorunlu Olmas\u0131<\/strong><\/li>\n<\/ul>\n\n<p>Yasal mevzuat veya hukuki y\u00fck\u00fcml\u00fcl\u00fckler gere\u011fi i\u015fe al\u0131m, insan kaynaklar\u0131 s\u00fcre\u00e7leri, muhasebe s\u00fcreci gibi s\u00fcre\u00e7lerde istihdam, i\u015f sa\u011fl\u0131\u011f\u0131 ve g\u00fcvenli\u011fi, sosyal g\u00fcvenlik, sosyal hizmetler ve sosyal yard\u0131m alanlar\u0131ndaki hukuki y\u00fck\u00fcml\u00fcl\u00fcklerin yerine getirilmesi ama\u00e7lar\u0131na y\u00f6nelik olarak zorunlu hallerde \u00f6zel nitelikteki ki\u015fisel veriler i\u015flenebilir.\u00a0<\/p>\n\n<ul class=\"wp-block-list\">\n<li>Ki\u015fisel Verilerin Aktar\u0131lma \u015eartlar\u0131<\/li>\n<\/ul>\n\n<p>Our Company may transfer personal data to third parties by taking the necessary security measures, based on one or more of the personal data processing conditions specified below and limited to them, in accordance with Article 8 of the Law: <\/p>\n\n<ul class=\"wp-block-list\">\n<li>The explicit consent of the data subject,<\/li>\n\n\n\n<li>There is a clear regulation in the laws regarding the transfer of personal data,<\/li>\n\n\n\n<li>When the transfer of personal data is mandatory to protect the life or physical integrity of the data subject or another person, and the data subject is unable to give consent due to actual impossibility or their consent is not deemed legally valid,<\/li>\n\n\n\n<li>Bir s\u00f6zle\u015fmenin kurulmas\u0131 veya ifas\u0131yla do\u011frudan do\u011fruya ilgili olmak kayd\u0131yla s\u00f6zle\u015fmenin taraflar\u0131na ait ki\u015fisel verinin aktar\u0131lmas\u0131n\u0131n gerekli olmas\u0131,\u00a0<\/li>\n\n\n\n<li>When the transfer of personal data is mandatory for our Company to fulfill its legal obligation,<\/li>\n\n\n\n<li>When personal data has been made public by the data subject,<\/li>\n\n\n\n<li>Bir hakk\u0131n tesisi, kullan\u0131lmas\u0131 veya korunmas\u0131 i\u00e7in ki\u015fisel veri aktar\u0131m\u0131n\u0131n zorunlu olmas\u0131,\u00a0<\/li>\n\n\n\n<li>When the transfer of personal data is mandatory for the legitimate interests of our Company, provided that it does not harm the fundamental rights and freedoms of the data subject.<\/li>\n<\/ul>\n\n<p>\u00d6zel nitelikli ki\u015fisel veriler ise a\u015fa\u011f\u0131daki \u015fartlardan birine dayal\u0131 ve s\u0131n\u0131rl\u0131 olarak yeterli \u00f6nlemler al\u0131nmak kayd\u0131yla aktar\u0131labilmektedir:<\/p>\n\n<ul class=\"wp-block-list\">\n<li>The explicit consent of the data subject,<\/li>\n\n\n\n<li>There is a clear regulation in the laws regarding the transfer of personal data,<\/li>\n\n\n\n<li>When personal data has been made public by the data subject,<\/li>\n\n\n\n<li>S\u0131r Saklama Y\u00fck\u00fcml\u00fcl\u00fc\u011f\u00fc Alt\u0131nda Bulunan Ki\u015filer veya Yetkili Kurum ve Kurulu\u015flarca, Kamu Sa\u011fl\u0131\u011f\u0131n\u0131n Korunmas\u0131, Koruyucu Hekimlik, T\u0131bbi Te\u015fhis, Tedavi ve Bak\u0131m Hizmetlerinin Y\u00fcr\u00fct\u00fclmesi ile Sa\u011fl\u0131k Hizmetlerinin Planlanmas\u0131, Y\u00f6netimi ve Finansman\u0131 Amac\u0131yla Gerekli Olmas\u0131<\/li>\n\n\n\n<li>\u0130stihdam, \u0130\u015f Sa\u011fl\u0131\u011f\u0131 ve G\u00fcvenli\u011fi, Sosyal G\u00fcvenlik, Sosyal Hizmetler ve Sosyal Yard\u0131m Alanlar\u0131ndaki Hukuki Y\u00fck\u00fcml\u00fcl\u00fcklerin Yerine Getirilmesi \u0130\u00e7in Zorunlu Olmas\u0131<\/li>\n\n\n\n<li>Bir Hakk\u0131n Tesisi, Kullan\u0131lmas\u0131 veya Korunmas\u0131 i\u00e7in Zorunlu Olmas\u0131<\/li>\n\n\n\n<li>Ki\u015fisel Verilerin Yurt D\u0131\u015f\u0131na Aktar\u0131lma \u015eartlar\u0131<\/li>\n<\/ul>\n\n<p>\u015eirketimiz, ki\u015fisel verileri yaln\u0131zca 6698 say\u0131l\u0131 Ki\u015fisel Verilerin Korunmas\u0131 Kanunu\u2019nun 9. maddesi kapsam\u0131nda yurt d\u0131\u015f\u0131na aktarabilecektir. Bu \u00e7er\u00e7evede, ki\u015fisel veriler, Kanun\u2019un 5. ve 6. maddelerinde belirtilen i\u015fleme \u015fartlar\u0131ndan en az birinin bulunmas\u0131 ve aktar\u0131m yap\u0131lacak \u00fclke, sekt\u00f6r veya uluslararas\u0131 kurulu\u015f hakk\u0131nda Ki\u015fisel Verileri Koruma Kurulu taraf\u0131ndan verilmi\u015f bir yeterlilik karar\u0131 bulunmas\u0131 halinde yurt d\u0131\u015f\u0131na aktar\u0131labilir. Yeterlilik karar\u0131n\u0131n bulunmad\u0131\u011f\u0131 durumlarda, ilgili ki\u015finin haklar\u0131n\u0131 kullanma ve etkin kanun yollar\u0131na ba\u015fvurma imkan\u0131n\u0131n sa\u011flanmas\u0131 \u015fart\u0131yla, Kurul taraf\u0131ndan onaylanan uygun g\u00fcvencelerden birinin (\u00f6rne\u011fin standart s\u00f6zle\u015fme, ba\u011flay\u0131c\u0131 \u015firket kurallar\u0131, taahh\u00fctname gibi) varl\u0131\u011f\u0131 halinde aktar\u0131m m\u00fcmk\u00fcnd\u00fcr. Bu \u015fartlar\u0131n da sa\u011flanamad\u0131\u011f\u0131 hallerde ise, ki\u015fisel veriler yaln\u0131zca Kanun\u2019un 9. maddesinin alt\u0131nc\u0131 f\u0131kras\u0131nda s\u0131n\u0131rl\u0131 olarak say\u0131lan ar\u0131zi durumlar\u0131n (\u00f6rne\u011fin a\u00e7\u0131k r\u0131za, s\u00f6zle\u015fmenin kurulmas\u0131 veya ifas\u0131, \u00fcst\u00fcn kamu yarar\u0131, bir hakk\u0131n tesisi\/kullan\u0131lmas\u0131\/korunmas\u0131 gibi) varl\u0131\u011f\u0131 halinde yurt d\u0131\u015f\u0131na aktar\u0131labilir.<\/p>\n\n<ul class=\"wp-block-list\">\n<li>K\u0130\u015e\u0130SEL VER\u0130 KATEGOR\u0130LER\u0130 VE VER\u0130 KONUSU K\u0130\u015e\u0130 GRUPLARI\n<ul class=\"wp-block-list\">\n<li>Ki\u015fisel Veri Kategorileri<\/li>\n<\/ul>\n<\/li>\n<\/ul>\n\n<p>Personal data are processed by our Company categorized as follows:<\/p>\n\n<figure class=\"wp-block-table\"><table class=\"has-fixed-layout\"><tbody><tr><td>\u0130leti\u015fim<\/td><td>Ki\u015finin telefon numaras\u0131, adresi, e-posta adresi, ikametgah bilgisi, posta kodu, sosyal medya kullan\u0131c\u0131 ad\u0131 bilgisi, adres numaras\u0131 gibi kendisiyle ileti\u015fim kurulmas\u0131n\u0131 sa\u011flayan bilgileri i\u00e7eren ki\u015fisel verilerdir.<\/td><\/tr><tr><td>\u00d6zl\u00fck<\/td><td>Ki\u015fisel veri sahiplerinin \u00f6zl\u00fck haklar\u0131n\u0131n korunmas\u0131na temel olacak bilgilerin elde edilmesine y\u00f6nelik i\u015flenen bilgiler: Ehliyet, Askerlik Durumu, Vergi Dairesi, Vergi Kimlik Numaras\u0131, M\u00fckellefiyet T\u00fcr\u00fc, Meslek, \u0130\u015fyeri Bilgisi, \u0130\u015f Pozisyonu\/ Unvan bilgileri vb.<\/td><\/tr><tr><td>Kimlik<\/td><td>Ki\u015fisel veri sahiplerinin kimli\u011fine dair bilgi i\u00e7eren veriler: Ad\/Soyad\u0131, T.C. Kimlik Numaras\u0131, Do\u011fum Tarihi, Cinsiyet, Medeni Durumu, \u0130mza, Vergi Kimlik Numaras\u0131, Yabanc\u0131 Kimlik Numaras\u0131, \u0130nternet Eri\u015fim Loglar\u0131, T.C Kimlik Bilgileri (Seri No &#8211; C\u00fczdan No &#8211; Kay\u0131t No &#8211; Verildi\u011fi Yer vs.) bilgileri vb.<\/td><\/tr><tr><td>Sa\u011fl\u0131k Bilgileri<\/td><td>Bireyin fiziksel veya ruhsal sa\u011fl\u0131\u011f\u0131na, sa\u011fl\u0131k hizmetlerinden faydalanma s\u00fcrecine ve buna ili\u015fkin tan\u0131, tedavi, muayene, rapor, test, tahlil gibi kay\u0131tlara dair \u00f6zel nitelikli ki\u015fisel verilerdir.<\/td><\/tr><tr><td>Ta\u015f\u0131t Bilgileri<\/td><td>\u0130lgili ki\u015fiye ait ta\u015f\u0131t\u0131n kimli\u011fini belirleyen plaka, \u015fasi numaras\u0131, motor numaras\u0131, ruhsat bilgileri ve benzeri verilerden olu\u015fur.<\/td><\/tr><tr><td>Finans<\/td><td>Firmam\u0131z\u0131n ki\u015fisel veri sahipleri ile kurmu\u015f oldu\u011fu her t\u00fcrl\u00fc finansal ili\u015fkinin sonucunu g\u00f6steren bilgi, belge ve kay\u0131tlara ili\u015fkin i\u015flenen ki\u015fisel veriler ile Alacak\/ Bor\u00e7 Bilgileri, Banka Hesap Bilgileri (IBAN No., Hesap No., Banka Ad\u0131, \u015eube Kodu) Swift No., Hisse Pay\u0131, Kredi Kart\u0131\/ Banka Kartl\u0131 Bilgileri (Kart Numaras\u0131, Son Kullanma Tarihi), Banka Bilgileri vb.<\/td><\/tr><tr><td>Hukuki \u0130\u015flem<\/td><td>Ki\u015fiyle ilgili dava, icra, soru\u015fturma, s\u00f6zle\u015fme, vekaletname, imza sirk\u00fcs\u00fc, \u015fik\u00e2yet, ba\u015fvuru ve yasal y\u00fck\u00fcml\u00fcl\u00fcklere ili\u015fkin kay\u0131t ve belgelere dair ki\u015fisel verilerdir.<\/td><\/tr><tr><td>Ceza Mahkumiyeti ve G\u00fcvenlik Tedbiri Bilgisi<\/td><td>Ki\u015filerin adli sicil kayd\u0131, mahk\u00fbmiyet kararlar\u0131 ve g\u00fcvenlik \u00f6nlemleri gibi ceza hukukuna dair ge\u00e7mi\u015flerini g\u00f6steren \u00f6zel nitelikli ki\u015fisel verilerdir.<\/td><\/tr><tr><td>Mesleki Deneyim<\/td><td>Ki\u015finin ge\u00e7mi\u015fte \u00e7al\u0131\u015ft\u0131\u011f\u0131 i\u015f yerleri, g\u00f6revleri, unvanlar\u0131, sekt\u00f6rel tecr\u00fcbeleri ve mesleki yetkinliklerine ili\u015fkin bilgi ve belgelerdir.<\/td><\/tr><tr><td>\u0130\u015flem G\u00fcvenli\u011fi<\/td><td>Ki\u015fisel veri g\u00fcvenli\u011fini sa\u011flamak amac\u0131yla y\u00fcr\u00fct\u00fclen bilgi teknolojileri i\u015flemleri kapsam\u0131nda elde edilen IP adresi, oturum bilgisi, parola, log kayd\u0131 ve benzeri teknik verileri i\u00e7eren ki\u015fisel verilerdir.<\/td><\/tr><\/tbody><\/table><\/figure>\n\n<ul class=\"wp-block-list\">\n<li>Veri Konusu Ki\u015fi Gruplar\u0131<\/li>\n<\/ul>\n\n<p>Bu Politika ve Kanun\u2019un korumas\u0131ndan sadece ger\u00e7ek ki\u015filer faydalanabilmektedir. Bu kapsamdaki ki\u015fisel veri sahipleri a\u015fa\u011f\u0131daki \u015fekilde grupland\u0131r\u0131lm\u0131\u015ft\u0131r:\u00a0<\/p>\n\n<figure class=\"wp-block-table\"><table class=\"has-fixed-layout\"><tbody><tr><td>\u00dc\u00e7\u00fcnc\u00fc Ki\u015fi (Referans Ki\u015fisi)<\/td><td>\u00c7al\u0131\u015fan Adaylar\u0131n\u0131n i\u015f ba\u015fvurular\u0131 s\u0131ras\u0131nda referans olarak belirtti\u011fi ve firmam\u0131z ile herhangi bir ili\u015fki i\u00e7erisinde bulunmayan ger\u00e7ek ki\u015filerdir.<\/td><\/tr><tr><td>Hizmet Sa\u011flay\u0131c\u0131<\/td><td>M\u00fc\u015fteri ve Tedarik\u00e7i gruplar\u0131na dahil olmayan ancak Kurulu\u015fumuzun i\u015f ili\u015fkisi yahut i\u015fbirli\u011fi i\u00e7erisinde bulundu\u011fu ve \u015firketimize hizmet temininde bulunan Kurulu\u015fumuzdan ba\u011f\u0131ms\u0131z olan ger\u00e7ek ki\u015filer veya t\u00fczel ki\u015filerin ger\u00e7ek ki\u015fisidir.<\/td><\/tr><tr><td>M\u00fc\u015fteri<\/td><td>Firmam\u0131z ile sat\u0131n al\u0131m s\u00f6zle\u015fmesi ili\u015fkisi kurarak mal veya hizmet temin eden ger\u00e7ek ki\u015filerdir.<\/td><\/tr><tr><td>M\u00fc\u015fteri Yetkilisi<\/td><td>Firmam\u0131z ile hizmet s\u00f6zle\u015fmesi ili\u015fkisi kurarak hizmet temin eden t\u00fczel veya ger\u00e7ek ki\u015filerin ger\u00e7ek ki\u015fi yetkilileridir.<\/td><\/tr><tr><td>M\u00fc\u015fteri \u00c7al\u0131\u015fan\u0131<\/td><td>Firmam\u0131z ile sat\u0131n al\u0131m s\u00f6zle\u015fmesi ili\u015fkisi kurarak mal veya hizmet temin eden ger\u00e7ek veya t\u00fczel ki\u015filerin \u00e7al\u0131\u015fanlar\u0131 olmalar\u0131 dolay\u0131s\u0131yla ki\u015fisel verileri i\u015flenen ger\u00e7ek ki\u015filerdir.<\/td><\/tr><tr><td>Tedarik\u00e7i<\/td><td>Bir \u00fcr\u00fcn ya da hizmet sunmak amac\u0131yla firmam\u0131za girdi veya \u00fcr\u00fcn sa\u011flayan ger\u00e7ek ki\u015filerdir.<\/td><\/tr><tr><td>Tedarik\u00e7i Yetkilisi<\/td><td>Bir \u00fcr\u00fcn ya da hizmet sunmak amac\u0131yla firmam\u0131za girdi veya \u00fcr\u00fcn sa\u011flayan ger\u00e7ek ki\u015filer veya t\u00fczel ki\u015filerin yetkilileridir.<\/td><\/tr><tr><td>Tedarik\u00e7i \u00c7al\u0131\u015fan\u0131<\/td><td>Bir \u00fcr\u00fcn ya da hizmet sunmak amac\u0131yla firmam\u0131za girdi veya \u00fcr\u00fcn sa\u011flayan ger\u00e7ek veya t\u00fczel ki\u015filerin \u00e7al\u0131\u015fanlar\u0131d\u0131r.<\/td><\/tr><tr><td>Hizmet Sa\u011flay\u0131c\u0131 Yetkilisi<\/td><td>Natural person representatives of natural or legal persons who are independent of our Organization, who are not included in the Customer and Supplier groups, but with whom our Organization has a business relationship or cooperation and who provide services to our Company.<\/td><\/tr><tr><td>Hizmet Sa\u011flay\u0131c\u0131 \u00c7al\u0131\u015fan\u0131<\/td><td>M\u00fc\u015fteri ve Tedarik\u00e7i gruplar\u0131na dahil olmayan ancak Kurulu\u015fumuzun i\u015f ili\u015fkisi yahut i\u015fbirli\u011fi i\u00e7erisinde bulundu\u011fu ve \u015firketimize hizmet temininde bulunan Kurulu\u015fumuzdan ba\u011f\u0131ms\u0131z olan ger\u00e7ek ki\u015filer veya t\u00fczel ki\u015filerin \u00e7al\u0131\u015fanlar\u0131d\u0131r.<\/td><\/tr><tr><td>\u00c7al\u0131\u015fan Aday\u0131<\/td><td>Firmam\u0131za herhangi bir yolla i\u015f ba\u015fvurusunda bulunmu\u015f ya da \u00f6zge\u00e7mi\u015f ve ilgili bilgilerini \u015firketimizin incelemesine a\u00e7m\u0131\u015f olan ger\u00e7ek ki\u015filerdir.<\/td><\/tr><tr><td>\u015eirket Yetkilisi<\/td><td>Firmam\u0131z ad\u0131na hukuken i\u015flem yapmaya yetkili ger\u00e7ek ki\u015fileri ifade eder.<\/td><\/tr><tr><td>Ziyaret\u00e7i<\/td><td>Firmam\u0131z ile kurdu\u011fu yahut mevcut olmayan istihdam, hizmet veya ticari ili\u015fkiden ba\u011f\u0131ms\u0131z olarak firmam\u0131za ait bina, tesis, kamp\u00fcs veya dijital ortamlara ge\u00e7ici olarak giri\u015f yapan, bu kapsamda belirli ki\u015fisel verileri toplanan ger\u00e7ek ki\u015filerdir.<\/td><\/tr><tr><td>Hissedar\/Ortak<\/td><td>Firmam\u0131z hissedar\u0131 olan ger\u00e7ek ki\u015filer veya bunlar\u0131n temsilcileridir.<\/td><\/tr><\/tbody><\/table><\/figure>\n\n<ul class=\"wp-block-list\">\n<li>K\u0130\u015e\u0130SEL VER\u0130LER\u0130 TOPLAMA Y\u00d6NTEM\u0130\n<ul class=\"wp-block-list\">\n<li>Ki\u015fisel Verileri Toplama Y\u00f6ntemi\u00a0<\/li>\n<\/ul>\n<\/li>\n<\/ul>\n\n<p>For the purposes set out in Article 6.1, our Company collects personal data, in whole or in part by automated or non-automated means, in any verbal, written, or electronic medium, through but not limited to the following channels:<\/p>\n\n<ul class=\"wp-block-list\">\n<li><strong>Evrak<\/strong><\/li>\n\n\n\n<li><strong>E-Posta<\/strong><\/li>\n\n\n\n<li><strong>Sistemsel<\/strong><\/li>\n\n\n\n<li><strong>S\u00f6zl\u00fc \u0130leti\u015fim<\/strong><\/li>\n\n\n\n<li><strong>Telefon<\/strong><\/li>\n<\/ul>\n\n<ul class=\"wp-block-list\">\n<li>K\u0130\u015e\u0130SEL VER\u0130LER\u0130N \u0130\u015eLENME AMA\u00c7LARI\n<ul class=\"wp-block-list\">\n<li>Veri Konusu Ki\u015fi Gruplar\u0131n\u0131n Ki\u015fisel Veri Kategorilerine \u0130li\u015fkin \u0130\u015flenme Ama\u00e7lar\u0131 ile E\u015fle\u015ftirilmesi<\/li>\n<\/ul>\n<\/li>\n<\/ul>\n\n<p>Yukar\u0131da tan\u0131m ve kapsamlar\u0131 verilen veri konusu ki\u015fi gruplar\u0131n\u0131n ki\u015fisel veri kategorilerine ili\u015fkin i\u015flenme ama\u00e7lar\u0131 ile e\u015fle\u015ftirilmesi a\u015fa\u011f\u0131da sunulmaktad\u0131r: (Ger\u00e7ek ki\u015filer yaln\u0131zca bir ki\u015fi grubu i\u00e7inde yer alabilirler.)\u00a0<\/p>\n\n<ul class=\"wp-block-list\">\n<li><strong>\u00dc\u00e7\u00fcnc\u00fc Ki\u015fi (Referans Ki\u015fisi)<\/strong><\/li>\n<\/ul>\n\n<p><strong><em>Veri Kategorileri<\/em><\/strong><\/p>\n\n<p>\u0130leti\u015fim, \u00d6zl\u00fck, Kimlik, Mesleki Deneyim<\/p>\n\n<p><strong><em>\u0130\u015fleme Ama\u00e7lar\u0131<\/em><\/strong><\/p>\n\n<p>\u00c7al\u0131\u015fan Aday\u0131 \/ Stajyer \/ \u00d6\u011frenci Se\u00e7me ve Yerle\u015ftirme S\u00fcre\u00e7lerinin Y\u00fcr\u00fct\u00fclmesi, \u00c7al\u0131\u015fan Adaylar\u0131n\u0131n Ba\u015fvuru S\u00fcre\u00e7lerinin Y\u00fcr\u00fct\u00fclmesi, \u0130nsan Kaynaklar\u0131 S\u00fcre\u00e7lerinin Planlanmas\u0131, \u0130\u015f Faaliyetlerinin Y\u00fcr\u00fct\u00fclmesi \/ Denetimi, \u0130leti\u015fim Faaliyetlerinin Y\u00fcr\u00fct\u00fclmesi, Referans S\u00fcre\u00e7lerinin Y\u00fcr\u00fct\u00fclmesi ama\u00e7lar\u0131yla i\u015flenmektedir<em>.<\/em><\/p>\n\n<ul class=\"wp-block-list\">\n<li><strong>Hizmet Sa\u011flay\u0131c\u0131<\/strong><\/li>\n<\/ul>\n\n<p><strong><em>Veri Kategorileri<\/em><\/strong><\/p>\n\n<p>Kimlik, \u0130leti\u015fim, \u00d6zl\u00fck, Ta\u015f\u0131t Bilgileri, Finans, Hukuki \u0130\u015flem<\/p>\n\n<p><strong><em>\u0130\u015fleme Ama\u00e7lar\u0131<\/em><\/strong><\/p>\n\n<p>\u00c7al\u0131\u015fanlar \u0130\u00e7in \u0130\u015f Akdi ve Mevzuattan Kaynakl\u0131 Y\u00fck\u00fcml\u00fcl\u00fcklerin Yerine Getirilmesi, \u0130\u015f Sa\u011fl\u0131\u011f\u0131 \/ G\u00fcvenli\u011fi Faaliyetlerinin Y\u00fcr\u00fct\u00fclmesi, Hukuk \u0130\u015flerinin Takibi ve Y\u00fcr\u00fct\u00fclmesi, E\u011fitim Faaliyetlerinin Y\u00fcr\u00fct\u00fclmesi, Faaliyetlerin Mevzuata Uygun Y\u00fcr\u00fct\u00fclmesi, S\u00f6zle\u015fme S\u00fcre\u00e7lerinin Y\u00fcr\u00fct\u00fclmesi, Yetkili Ki\u015fi, Kurum ve Kurulu\u015flara Bilgi Verilmesi, \u0130leti\u015fim Faaliyetlerinin Y\u00fcr\u00fct\u00fclmesi, Finans ve Muhasebe \u0130\u015flerinin Y\u00fcr\u00fct\u00fclmesi, \u0130\u015f S\u00fcreklili\u011finin Sa\u011flanmas\u0131 Faaliyetlerinin Y\u00fcr\u00fct\u00fclmesi, Mal \/ Hizmet Sat\u0131n Al\u0131m S\u00fcre\u00e7lerinin Y\u00fcr\u00fct\u00fclmesi, Mal \/ Hizmet \u00dcretim ve Operasyon S\u00fcre\u00e7lerinin Y\u00fcr\u00fct\u00fclmesi, Faturaland\u0131rma Faaliyetlerinin Y\u00fcr\u00fct\u00fclmesi, Vergisel Faaliyetlerin Y\u00fcr\u00fct\u00fclmesi, \u0130\u015f Faaliyetlerinin Y\u00fcr\u00fct\u00fclmesi \/ Denetimi, Mal \/ Hizmet Sat\u0131\u015f S\u00fcre\u00e7lerinin Y\u00fcr\u00fct\u00fclmesi, Lojistik Faaliyetlerinin Y\u00fcr\u00fct\u00fclmesi, G\u00fcmr\u00fck S\u00fcre\u00e7lerinin Y\u00fcr\u00fct\u00fclmesi, Sigorta Faaliyetlerinin Y\u00fcr\u00fct\u00fclmesi, Ta\u015f\u0131n\u0131r Mal ve Kaynaklar\u0131n G\u00fcvenli\u011finin Temini ama\u00e7lar\u0131yla i\u015flenmektedir<em>.<\/em><\/p>\n\n<ul class=\"wp-block-list\">\n<li><strong>M\u00fc\u015fteri<\/strong><\/li>\n<\/ul>\n\n<p><strong><em>Veri Kategorileri<\/em><\/strong><\/p>\n\n<p>Kimlik, \u0130leti\u015fim, \u00d6zl\u00fck, Finans, Ceza Mahkumiyeti ve G\u00fcvenlik Tedbiri Bilgisi, Hukuki \u0130\u015flem<\/p>\n\n<p><strong><em>\u0130\u015fleme Ama\u00e7lar\u0131<\/em><\/strong><\/p>\n\n<p>\u0130\u015f Faaliyetlerinin Y\u00fcr\u00fct\u00fclmesi \/ Denetimi, Finans ve Muhasebe \u0130\u015flerinin Y\u00fcr\u00fct\u00fclmesi, M\u00fc\u015fteri \u0130li\u015fkileri Y\u00f6netimi S\u00fcre\u00e7lerinin Y\u00fcr\u00fct\u00fclmesi, Pazarlama Analiz \u00c7al\u0131\u015fmalar\u0131n\u0131n Y\u00fcr\u00fct\u00fclmesi, Firma \/ \u00dcr\u00fcn \/ Hizmetlere Ba\u011fl\u0131l\u0131k S\u00fcre\u00e7lerinin Y\u00fcr\u00fct\u00fclmesi, \u0130\u015f S\u00fcreklili\u011finin Sa\u011flanmas\u0131 Faaliyetlerinin Y\u00fcr\u00fct\u00fclmesi, Lojistik Faaliyetlerinin Y\u00fcr\u00fct\u00fclmesi, Mal \/ Hizmet Sat\u0131\u015f Sonras\u0131 Destek Hizmetlerinin Y\u00fcr\u00fct\u00fclmesi, Mal \/ Hizmet Sat\u0131\u015f S\u00fcre\u00e7lerinin Y\u00fcr\u00fct\u00fclmesi, M\u00fc\u015fteri Memnuniyetine Y\u00f6nelik Aktivitelerin Y\u00fcr\u00fct\u00fclmesi, S\u00f6zle\u015fme S\u00fcre\u00e7lerinin Y\u00fcr\u00fct\u00fclmesi, Stratejik Planlama Faaliyetlerinin Y\u00fcr\u00fct\u00fclmesi, \u0130leti\u015fim Faaliyetlerinin Y\u00fcr\u00fct\u00fclmesi, Faaliyetlerin Mevzuata Uygun Y\u00fcr\u00fct\u00fclmesi, Faturaland\u0131rma Faaliyetlerinin Y\u00fcr\u00fct\u00fclmesi, Organizasyon ve Etkinlik Y\u00f6netimi, Rezervasyon \u0130\u015flemlerinin Ger\u00e7ekle\u015ftirilmesi, Vize Ba\u015fvuru \u0130\u015flemlerinin Ger\u00e7ekle\u015ftirilmesi, Hukuk \u0130\u015flerinin Takibi ve Y\u00fcr\u00fct\u00fclmesi, Yetkili Ki\u015fi, Kurum ve Kurulu\u015flara Bilgi Verilmesi ama\u00e7lar\u0131yla i\u015flenmektedir<em>.<\/em><\/p>\n\n<ul class=\"wp-block-list\">\n<li><strong>M\u00fc\u015fteri Yetkilisi<\/strong><\/li>\n<\/ul>\n\n<p><strong><em>Veri Kategorileri<\/em><\/strong><\/p>\n\n<p>Kimlik, \u0130leti\u015fim, Hukuki \u0130\u015flem<\/p>\n\n<p><strong><em>\u0130\u015fleme Ama\u00e7lar\u0131<\/em><\/strong><\/p>\n\n<p>\u0130\u015f Faaliyetlerinin Y\u00fcr\u00fct\u00fclmesi \/ Denetimi, Finans ve Muhasebe \u0130\u015flerinin Y\u00fcr\u00fct\u00fclmesi, M\u00fc\u015fteri \u0130li\u015fkileri Y\u00f6netimi S\u00fcre\u00e7lerinin Y\u00fcr\u00fct\u00fclmesi, Pazarlama Analiz \u00c7al\u0131\u015fmalar\u0131n\u0131n Y\u00fcr\u00fct\u00fclmesi, Firma \/ \u00dcr\u00fcn \/ Hizmetlere Ba\u011fl\u0131l\u0131k S\u00fcre\u00e7lerinin Y\u00fcr\u00fct\u00fclmesi, \u0130\u015f S\u00fcreklili\u011finin Sa\u011flanmas\u0131 Faaliyetlerinin Y\u00fcr\u00fct\u00fclmesi, Lojistik Faaliyetlerinin Y\u00fcr\u00fct\u00fclmesi, Mal \/ Hizmet Sat\u0131\u015f Sonras\u0131 Destek Hizmetlerinin Y\u00fcr\u00fct\u00fclmesi, Mal \/ Hizmet Sat\u0131\u015f S\u00fcre\u00e7lerinin Y\u00fcr\u00fct\u00fclmesi, M\u00fc\u015fteri Memnuniyetine Y\u00f6nelik Aktivitelerin Y\u00fcr\u00fct\u00fclmesi, S\u00f6zle\u015fme S\u00fcre\u00e7lerinin Y\u00fcr\u00fct\u00fclmesi, Stratejik Planlama Faaliyetlerinin Y\u00fcr\u00fct\u00fclmesi, \u0130leti\u015fim Faaliyetlerinin Y\u00fcr\u00fct\u00fclmesi ama\u00e7lar\u0131yla i\u015flenmektedir<em>.<\/em><\/p>\n\n<ul class=\"wp-block-list\">\n<li><strong>M\u00fc\u015fteri \u00c7al\u0131\u015fan\u0131<\/strong><\/li>\n<\/ul>\n\n<p><strong><em>Veri Kategorileri<\/em><\/strong><\/p>\n\n<p>Kimlik, \u0130leti\u015fim<\/p>\n\n<p><strong><em>\u0130\u015fleme Ama\u00e7lar\u0131<\/em><\/strong><\/p>\n\n<p>\u0130\u015f Faaliyetlerinin Y\u00fcr\u00fct\u00fclmesi \/ Denetimi, Finans ve Muhasebe \u0130\u015flerinin Y\u00fcr\u00fct\u00fclmesi, M\u00fc\u015fteri \u0130li\u015fkileri Y\u00f6netimi S\u00fcre\u00e7lerinin Y\u00fcr\u00fct\u00fclmesi, Pazarlama Analiz \u00c7al\u0131\u015fmalar\u0131n\u0131n Y\u00fcr\u00fct\u00fclmesi, Firma \/ \u00dcr\u00fcn \/ Hizmetlere Ba\u011fl\u0131l\u0131k S\u00fcre\u00e7lerinin Y\u00fcr\u00fct\u00fclmesi, \u0130\u015f S\u00fcreklili\u011finin Sa\u011flanmas\u0131 Faaliyetlerinin Y\u00fcr\u00fct\u00fclmesi, Lojistik Faaliyetlerinin Y\u00fcr\u00fct\u00fclmesi, Mal \/ Hizmet Sat\u0131\u015f Sonras\u0131 Destek Hizmetlerinin Y\u00fcr\u00fct\u00fclmesi, Mal \/ Hizmet Sat\u0131\u015f S\u00fcre\u00e7lerinin Y\u00fcr\u00fct\u00fclmesi, M\u00fc\u015fteri Memnuniyetine Y\u00f6nelik Aktivitelerin Y\u00fcr\u00fct\u00fclmesi, S\u00f6zle\u015fme S\u00fcre\u00e7lerinin Y\u00fcr\u00fct\u00fclmesi, Stratejik Planlama Faaliyetlerinin Y\u00fcr\u00fct\u00fclmesi, \u0130leti\u015fim Faaliyetlerinin Y\u00fcr\u00fct\u00fclmesi ama\u00e7lar\u0131yla i\u015flenmektedir<em>.<\/em><\/p>\n\n<ul class=\"wp-block-list\">\n<li><strong>Tedarik\u00e7i<\/strong><\/li>\n<\/ul>\n\n<p><strong><em>Veri Kategorileri<\/em><\/strong><\/p>\n\n<p>\u0130leti\u015fim, \u00d6zl\u00fck, Kimlik, Finans, Hukuki \u0130\u015flem, Ceza Mahkumiyeti ve G\u00fcvenlik Tedbiri Bilgisi<\/p>\n\n<p><strong><em>\u0130\u015fleme Ama\u00e7lar\u0131<\/em><\/strong><\/p>\n\n<p>Finans ve Muhasebe \u0130\u015flerinin Y\u00fcr\u00fct\u00fclmesi, Faaliyetlerin Mevzuata Uygun Y\u00fcr\u00fct\u00fclmesi, \u0130leti\u015fim Faaliyetlerinin Y\u00fcr\u00fct\u00fclmesi, \u0130\u015f S\u00fcreklili\u011finin Sa\u011flanmas\u0131 Faaliyetlerinin Y\u00fcr\u00fct\u00fclmesi, Mal \/ Hizmet Sat\u0131n Al\u0131m S\u00fcre\u00e7lerinin Y\u00fcr\u00fct\u00fclmesi, Mal \/ Hizmet \u00dcretim ve Operasyon S\u00fcre\u00e7lerinin Y\u00fcr\u00fct\u00fclmesi, Tedarik Zinciri Y\u00f6netimi S\u00fcre\u00e7lerinin Y\u00fcr\u00fct\u00fclmesi, Yetkili Ki\u015fi, Kurum ve Kurulu\u015flara Bilgi Verilmesi, Vergisel Faaliyetlerin Y\u00fcr\u00fct\u00fclmesi, \u0130\u015f Faaliyetlerinin Y\u00fcr\u00fct\u00fclmesi \/ Denetimi, S\u00f6zle\u015fme S\u00fcre\u00e7lerinin Y\u00fcr\u00fct\u00fclmesi, Mal \/ Hizmet Sat\u0131\u015f S\u00fcre\u00e7lerinin Y\u00fcr\u00fct\u00fclmesi, Lojistik Faaliyetlerinin Y\u00fcr\u00fct\u00fclmesi, G\u00fcmr\u00fck S\u00fcre\u00e7lerinin Y\u00fcr\u00fct\u00fclmesi, Teklif Toplama Faaliyetlerinin Y\u00fcr\u00fct\u00fclmesi, Hukuk \u0130\u015flerinin Takibi ve Y\u00fcr\u00fct\u00fclmesi, Ta\u015f\u0131n\u0131r Mal ve Kaynaklar\u0131n G\u00fcvenli\u011finin Temini, Organizasyon ve Etkinlik Y\u00f6netimi, Rezervasyon \u0130\u015flemlerinin Ger\u00e7ekle\u015ftirilmesi, Vize Ba\u015fvuru \u0130\u015flemlerinin Ger\u00e7ekle\u015ftirilmesi ama\u00e7lar\u0131yla i\u015flenmektedir<em>.<\/em><\/p>\n\n<ul class=\"wp-block-list\">\n<li><strong>Tedarik\u00e7i Yetkilisi<\/strong><\/li>\n<\/ul>\n\n<p><strong><em>Veri Kategorileri<\/em><\/strong><\/p>\n\n<p>Kimlik, \u0130leti\u015fim, Hukuki \u0130\u015flem<\/p>\n\n<p><strong><em>\u0130\u015fleme Ama\u00e7lar\u0131<\/em><\/strong><\/p>\n\n<p>Finans ve Muhasebe \u0130\u015flerinin Y\u00fcr\u00fct\u00fclmesi, Faaliyetlerin Mevzuata Uygun Y\u00fcr\u00fct\u00fclmesi, \u0130\u015f S\u00fcreklili\u011finin Sa\u011flanmas\u0131 Faaliyetlerinin Y\u00fcr\u00fct\u00fclmesi, Mal \/ Hizmet Sat\u0131n Al\u0131m S\u00fcre\u00e7lerinin Y\u00fcr\u00fct\u00fclmesi, Mal \/ Hizmet \u00dcretim ve Operasyon S\u00fcre\u00e7lerinin Y\u00fcr\u00fct\u00fclmesi, Tedarik Zinciri Y\u00f6netimi S\u00fcre\u00e7lerinin Y\u00fcr\u00fct\u00fclmesi, \u0130leti\u015fim Faaliyetlerinin Y\u00fcr\u00fct\u00fclmesi, S\u00f6zle\u015fme S\u00fcre\u00e7lerinin Y\u00fcr\u00fct\u00fclmesi, \u0130\u015f Faaliyetlerinin Y\u00fcr\u00fct\u00fclmesi \/ Denetimi ama\u00e7lar\u0131yla i\u015flenmektedir<em>.<\/em><\/p>\n\n<ul class=\"wp-block-list\">\n<li><strong>Tedarik\u00e7i \u00c7al\u0131\u015fan\u0131<\/strong><\/li>\n<\/ul>\n\n<p><strong><em>Veri Kategorileri<\/em><\/strong><\/p>\n\n<p>Kimlik, \u0130leti\u015fim<\/p>\n\n<p><strong><em>\u0130\u015fleme Ama\u00e7lar\u0131<\/em><\/strong><\/p>\n\n<p>Finans ve Muhasebe \u0130\u015flerinin Y\u00fcr\u00fct\u00fclmesi, Faaliyetlerin Mevzuata Uygun Y\u00fcr\u00fct\u00fclmesi, \u0130\u015f S\u00fcreklili\u011finin Sa\u011flanmas\u0131 Faaliyetlerinin Y\u00fcr\u00fct\u00fclmesi, Mal \/ Hizmet Sat\u0131n Al\u0131m S\u00fcre\u00e7lerinin Y\u00fcr\u00fct\u00fclmesi, Mal \/ Hizmet \u00dcretim ve Operasyon S\u00fcre\u00e7lerinin Y\u00fcr\u00fct\u00fclmesi, Tedarik Zinciri Y\u00f6netimi S\u00fcre\u00e7lerinin Y\u00fcr\u00fct\u00fclmesi, \u0130leti\u015fim Faaliyetlerinin Y\u00fcr\u00fct\u00fclmesi, Lojistik Faaliyetlerinin Y\u00fcr\u00fct\u00fclmesi, G\u00fcmr\u00fck S\u00fcre\u00e7lerinin Y\u00fcr\u00fct\u00fclmesi ama\u00e7lar\u0131yla i\u015flenmektedir<em>.<\/em><\/p>\n\n<ul class=\"wp-block-list\">\n<li><strong>Hizmet Sa\u011flay\u0131c\u0131 Yetkilisi<\/strong><\/li>\n<\/ul>\n\n<p><strong><em>Veri Kategorileri<\/em><\/strong><\/p>\n\n<p>Kimlik, \u0130leti\u015fim, Hukuki \u0130\u015flem<\/p>\n\n<p><strong><em>\u0130\u015fleme Ama\u00e7lar\u0131<\/em><\/strong><\/p>\n\n<p>Faaliyetlerin Mevzuata Uygun Y\u00fcr\u00fct\u00fclmesi, Finans ve Muhasebe \u0130\u015flerinin Y\u00fcr\u00fct\u00fclmesi, Mal \/ Hizmet Sat\u0131n Al\u0131m S\u00fcre\u00e7lerinin Y\u00fcr\u00fct\u00fclmesi, Mal \/ Hizmet \u00dcretim ve Operasyon S\u00fcre\u00e7lerinin Y\u00fcr\u00fct\u00fclmesi, \u0130\u015f S\u00fcreklili\u011finin Sa\u011flanmas\u0131 Faaliyetlerinin Y\u00fcr\u00fct\u00fclmesi, \u0130leti\u015fim Faaliyetlerinin Y\u00fcr\u00fct\u00fclmesi, \u0130\u015f Faaliyetlerinin Y\u00fcr\u00fct\u00fclmesi \/ Denetimi, S\u00f6zle\u015fme S\u00fcre\u00e7lerinin Y\u00fcr\u00fct\u00fclmesi, Lojistik Faaliyetlerinin Y\u00fcr\u00fct\u00fclmesi, G\u00fcmr\u00fck S\u00fcre\u00e7lerinin Y\u00fcr\u00fct\u00fclmesi ama\u00e7lar\u0131yla i\u015flenmektedir<em>.<\/em><\/p>\n\n<ul class=\"wp-block-list\">\n<li><strong>Hizmet Sa\u011flay\u0131c\u0131 \u00c7al\u0131\u015fan\u0131<\/strong><\/li>\n<\/ul>\n\n<p><strong><em>Veri Kategorileri<\/em><\/strong><\/p>\n\n<p>Kimlik, \u0130leti\u015fim<\/p>\n\n<p><strong><em>\u0130\u015fleme Ama\u00e7lar\u0131<\/em><\/strong><\/p>\n\n<p>Finans ve Muhasebe \u0130\u015flerinin Y\u00fcr\u00fct\u00fclmesi, Faaliyetlerin Mevzuata Uygun Y\u00fcr\u00fct\u00fclmesi, \u0130\u015f S\u00fcreklili\u011finin Sa\u011flanmas\u0131 Faaliyetlerinin Y\u00fcr\u00fct\u00fclmesi, Mal \/ Hizmet Sat\u0131n Al\u0131m S\u00fcre\u00e7lerinin Y\u00fcr\u00fct\u00fclmesi, Mal \/ Hizmet \u00dcretim ve Operasyon S\u00fcre\u00e7lerinin Y\u00fcr\u00fct\u00fclmesi, \u0130leti\u015fim Faaliyetlerinin Y\u00fcr\u00fct\u00fclmesi, Lojistik Faaliyetlerinin Y\u00fcr\u00fct\u00fclmesi, G\u00fcmr\u00fck S\u00fcre\u00e7lerinin Y\u00fcr\u00fct\u00fclmesi ama\u00e7lar\u0131yla i\u015flenmektedir<em>.<\/em><\/p>\n\n<ul class=\"wp-block-list\">\n<li><strong>\u00c7al\u0131\u015fan Aday\u0131<\/strong><\/li>\n<\/ul>\n\n<p><strong><em>Veri Kategorileri<\/em><\/strong><\/p>\n\n<p>Sa\u011fl\u0131k Bilgileri, \u0130leti\u015fim, Kimlik, \u00d6zl\u00fck, Mesleki Deneyim<\/p>\n\n<p><strong><em>\u0130\u015fleme Ama\u00e7lar\u0131<\/em><\/strong><\/p>\n\n<p>\u00c7al\u0131\u015fan Aday\u0131 \/ Stajyer \/ \u00d6\u011frenci Se\u00e7me ve Yerle\u015ftirme S\u00fcre\u00e7lerinin Y\u00fcr\u00fct\u00fclmesi, \u00c7al\u0131\u015fan Adaylar\u0131n\u0131n Ba\u015fvuru S\u00fcre\u00e7lerinin Y\u00fcr\u00fct\u00fclmesi, \u0130\u015f Faaliyetlerinin Y\u00fcr\u00fct\u00fclmesi \/ Denetimi, \u0130nsan Kaynaklar\u0131 S\u00fcre\u00e7lerinin Planlanmas\u0131, \u0130leti\u015fim Faaliyetlerinin Y\u00fcr\u00fct\u00fclmesi ama\u00e7lar\u0131yla i\u015flenmektedir<em>.<\/em><\/p>\n\n<ul class=\"wp-block-list\">\n<li><strong>\u015eirket Yetkilisi<\/strong><\/li>\n<\/ul>\n\n<p><strong><em>Veri Kategorileri<\/em><\/strong><\/p>\n\n<p>Kimlik, \u0130leti\u015fim, Hukuki \u0130\u015flem<\/p>\n\n<p><strong><em>\u0130\u015fleme Ama\u00e7lar\u0131<\/em><\/strong><\/p>\n\n<p>\u0130\u015f Faaliyetlerinin Y\u00fcr\u00fct\u00fclmesi \/ Denetimi, Finans ve Muhasebe \u0130\u015flerinin Y\u00fcr\u00fct\u00fclmesi, Mal \/ Hizmet Sat\u0131\u015f S\u00fcre\u00e7lerinin Y\u00fcr\u00fct\u00fclmesi, S\u00f6zle\u015fme S\u00fcre\u00e7lerinin Y\u00fcr\u00fct\u00fclmesi, Hukuk \u0130\u015flerinin Takibi ve Y\u00fcr\u00fct\u00fclmesi, Eri\u015fim Yetkilerinin Y\u00fcr\u00fct\u00fclmesi, Faaliyetlerin Mevzuata Uygun Y\u00fcr\u00fct\u00fclmesi, \u0130\u015f S\u00fcreklili\u011finin Sa\u011flanmas\u0131 Faaliyetlerinin Y\u00fcr\u00fct\u00fclmesi, Yetkili Ki\u015fi, Kurum ve Kurulu\u015flara Bilgi Verilmesi, Y\u00f6netim Faaliyetlerinin Y\u00fcr\u00fct\u00fclmesi, \u0130leti\u015fim Faaliyetlerinin Y\u00fcr\u00fct\u00fclmesi ama\u00e7lar\u0131yla i\u015flenmektedir<em>.<\/em><\/p>\n\n<ul class=\"wp-block-list\">\n<li><strong>Ziyaret\u00e7i<\/strong><\/li>\n<\/ul>\n\n<p><strong><em>Veri Kategorileri<\/em><\/strong><\/p>\n\n<p>\u0130\u015flem G\u00fcvenli\u011fi<\/p>\n\n<p><strong><em>\u0130\u015fleme Ama\u00e7lar\u0131<\/em><\/strong><\/p>\n\n<p>Bilgi G\u00fcvenli\u011fi S\u00fcre\u00e7lerinin Y\u00fcr\u00fct\u00fclmesi, Denetim \/ Etik Faaliyetlerinin Y\u00fcr\u00fct\u00fclmesi, Faaliyetlerin Mevzuata Uygun Y\u00fcr\u00fct\u00fclmesi, \u0130\u00e7 Denetim\/ Soru\u015fturma \/ \u0130stihbarat Faaliyetlerinin Y\u00fcr\u00fct\u00fclmesi, Veri Sorumlusu Operasyonlar\u0131n\u0131n G\u00fcvenli\u011finin Temini, Yetkili Ki\u015fi, Kurum ve Kurulu\u015flara Bilgi Verilmesi ama\u00e7lar\u0131yla i\u015flenmektedir<em>.<\/em><\/p>\n\n<ul class=\"wp-block-list\">\n<li><strong>Hissedar\/Ortak<\/strong><\/li>\n<\/ul>\n\n<p><strong><em>Veri Kategorileri<\/em><\/strong><\/p>\n\n<p>\u0130leti\u015fim, Kimlik<\/p>\n\n<p><strong><em>\u0130\u015fleme Ama\u00e7lar\u0131<\/em><\/strong><\/p>\n\n<p>Hukuk \u0130\u015flerinin Takibi ve Y\u00fcr\u00fct\u00fclmesi, Eri\u015fim Yetkilerinin Y\u00fcr\u00fct\u00fclmesi, Faaliyetlerin Mevzuata Uygun Y\u00fcr\u00fct\u00fclmesi, Yetkili Ki\u015fi, Kurum ve Kurulu\u015flara Bilgi Verilmesi, Y\u00f6netim Faaliyetlerinin Y\u00fcr\u00fct\u00fclmesi ama\u00e7lar\u0131yla i\u015flenmektedir<em>.<\/em><\/p>\n\n<ul class=\"wp-block-list\">\n<li><\/li>\n<\/ul>\n\n<p><strong>Personal Data Processing Activities Conducted in Physical Locations<\/strong><\/p>\n\n<p>\u015eirketimizin bina ve tesislerinde g\u00fcvenli\u011fin sa\u011flanmas\u0131 amac\u0131yla giri\u015f-\u00e7\u0131k\u0131\u015flar kay\u0131t alt\u0131na al\u0131nmakta ve ortak alanlarda kamerayla izleme yap\u0131lmaktad\u0131r. Kamerayla izleme yap\u0131lan alanlarda buna ili\u015fkin bilgilendirmeler bulunmaktad\u0131r.\u00a0<\/p>\n\n<p>\u015eirketimizin bina ve tesislerinde sunulan internet eri\u015fimine ili\u015fkin kay\u0131tlar 5651 say\u0131l\u0131 \u0130nternet Ortam\u0131nda Yap\u0131lan Yay\u0131nlar\u0131n D\u00fczenlenmesi ve Bu Yay\u0131nlar Yoluyla \u0130\u015flenen Su\u00e7larla M\u00fccadele Edilmesi Hakk\u0131nda Kanun ve sair mevzuat uyar\u0131nca kay\u0131t alt\u0131na al\u0131nmakta olup bu kay\u0131tlar talep edilmesi halinde yetkili kamu kurum ve kurulu\u015flar\u0131yla payla\u015f\u0131labilmekte ve gerekti\u011finde denetim faaliyetlerinde ilgili hukuki y\u00fck\u00fcml\u00fcl\u00fc\u011f\u00fcn yerine getirilmesi i\u00e7in kullan\u0131labilmektedir.\u00a0<\/p>\n\n<ul class=\"wp-block-list\">\n<li><strong>\u0130nternet Sitesinde Ger\u00e7ekle\u015ftirilen Ki\u015fisel Veri \u0130\u015fleme Faaliyetleri<\/strong><\/li>\n<\/ul>\n\n<p>\u0130nternet sitemizi ziyaret eden \u00e7evrimi\u00e7i ziyaret\u00e7ilerin trafik bilgileri bilgi g\u00fcvenli\u011fi s\u00fcre\u00e7lerinin y\u00fcr\u00fct\u00fclmesi amac\u0131yla otomatik olarak i\u015flenmektedir. \u00d6te yandan, 5651 Say\u0131l\u0131 Kanun ve sair mevzuat uyar\u0131nca yer sa\u011flay\u0131c\u0131lar\u0131n internet sitesi trafik bilgilerini kay\u0131t ve saklama y\u00fck\u00fcml\u00fcl\u00fc\u011f\u00fc bulunmaktad\u0131r.\u00a0<\/p>\n\n<p>Detailed explanations regarding personal data processed through the website are available on the relevant website.<\/p>\n\n<ul class=\"wp-block-list\">\n<li><strong>Haberle\u015fme Kanallar\u0131 \u00dczerinden Ger\u00e7ekle\u015ftirilen Ki\u015fisel Veri \u0130\u015fleme Faaliyetleri<\/strong><\/li>\n<\/ul>\n\n<p>\u00c7a\u011fr\u0131 merkezi, posta, e-posta vb. kanallarla yap\u0131lan haberle\u015fmeler \u015eirketimiz taraf\u0131ndan i\u015f faaliyetlerinin y\u00fcr\u00fct\u00fclmesi\/denetimi ile talep\/\u015fikayetlerin takibi amac\u0131yla denetlenmekte ve kaydedilmektedir.\u00a0<\/p>\n\n<p>Relevant individuals must use these channels solely within the scope of business activities.<\/p>\n\n<ul class=\"wp-block-list\">\n<li>K\u0130\u015e\u0130SEL VER\u0130LER\u0130N AKTARILMA AMA\u00c7LARI VE AKTARILDI\u011eI K\u0130\u015e\u0130LER\/KURULU\u015eLAR\n<ul class=\"wp-block-list\">\n<li>Ki\u015fisel Verilerin Aktar\u0131lma Ama\u00e7lar\u0131<\/li>\n<\/ul>\n<\/li>\n<\/ul>\n\n<p>\u015eirketimiz, ki\u015fisel verileri Kanun\u2019un 8. ve 9. maddelerinde belirtilen \u015fartlar \u00e7er\u00e7evesinde a\u015fa\u011f\u0131daki ama\u00e7larla s\u0131n\u0131rl\u0131 olarak aktarmaktad\u0131r:\u00a0<\/p>\n\n<ul class=\"wp-block-list\">\n<li>Faaliyetlerin Mevzuata Uygun Y\u00fcr\u00fct\u00fclmesi, \u0130\u015f Sa\u011fl\u0131\u011f\u0131 \/ G\u00fcvenli\u011fi Faaliyetlerinin Y\u00fcr\u00fct\u00fclmesi, Yetkili Ki\u015fi, Kurum ve Kurulu\u015flara Bilgi Verilmesi, Finans ve Muhasebe \u0130\u015flerinin Y\u00fcr\u00fct\u00fclmesi, Firma \/ \u00dcr\u00fcn \/ Hizmetlere Ba\u011fl\u0131l\u0131k S\u00fcre\u00e7lerinin Y\u00fcr\u00fct\u00fclmesi, \u0130\u015f Faaliyetlerinin Y\u00fcr\u00fct\u00fclmesi \/ Denetimi, \u0130\u015f S\u00fcreklili\u011finin Sa\u011flanmas\u0131 Faaliyetlerinin Y\u00fcr\u00fct\u00fclmesi, Mal \/ Hizmet Sat\u0131\u015f Sonras\u0131 Destek Hizmetlerinin Y\u00fcr\u00fct\u00fclmesi, Saklama ve Ar\u015fiv Faaliyetlerinin Y\u00fcr\u00fct\u00fclmesi, \u0130leti\u015fim Faaliyetlerinin Y\u00fcr\u00fct\u00fclmesi, Tedarik Zinciri Y\u00f6netimi S\u00fcre\u00e7lerinin Y\u00fcr\u00fct\u00fclmesi, Teknik Destek Hizmet Temini Faaliyetlerinin Y\u00fcr\u00fct\u00fclmesi, Lojistik Faaliyetlerinin Y\u00fcr\u00fct\u00fclmesi, Mal \/ Hizmet Sat\u0131n Al\u0131m S\u00fcre\u00e7lerinin Y\u00fcr\u00fct\u00fclmesi, G\u00fcmr\u00fck S\u00fcre\u00e7lerinin Y\u00fcr\u00fct\u00fclmesi, Ta\u015f\u0131n\u0131r Mal ve Kaynaklar\u0131n G\u00fcvenli\u011finin Temini, Sigorta Faaliyetlerinin Y\u00fcr\u00fct\u00fclmesi, Hukuk \u0130\u015flerinin Takibi ve Y\u00fcr\u00fct\u00fclmesi, Mal \/ Hizmet \u00dcretim ve Operasyon S\u00fcre\u00e7lerinin Y\u00fcr\u00fct\u00fclmesi, Organizasyon ve Etkinlik Y\u00f6netimi, Rezervasyon \u0130\u015flemlerinin Ger\u00e7ekle\u015ftirilmesi, Vize Ba\u015fvuru \u0130\u015flemlerinin Ger\u00e7ekle\u015ftirilmesi, Y\u00f6netim Faaliyetlerinin Y\u00fcr\u00fct\u00fclmesi<\/li>\n<\/ul>\n\n<ul class=\"wp-block-list\">\n<li>Ki\u015fisel Verilerin Aktar\u0131ld\u0131\u011f\u0131 Ki\u015filer\/Kurulu\u015flar\u00a0<\/li>\n<\/ul>\n\n<p>\u015eirketimiz, ki\u015fisel verileri aktar\u0131lma amac\u0131n\u0131n gerektirdi\u011fi veri konusu ki\u015fi gruplar\u0131 ve verilerle s\u0131n\u0131rl\u0131 olarak a\u015fa\u011f\u0131da belirtilen ki\u015fi ve kurulu\u015flara aktarabilmektedir:\u00a0<\/p>\n\n<ul class=\"wp-block-list\">\n<li>\u0130\u015f orta\u011f\u0131, Yetkili Ki\u015fi, Kamu Kurum ve Kurulu\u015flar\u0131, Ger\u00e7ek Ki\u015filer veya \u00d6zel Hukuk T\u00fczel Ki\u015fileri\u00a0 <em>(Sosyal G\u00fcvenlik Kurumu, Mali M\u00fc\u015favir, Yaz\u0131l\u0131m Firmas\u0131, Gelir \u0130daresi Ba\u015fkanl\u0131\u011f\u0131, M\u00fc\u015fteri, Tedarik\u00e7i, Hizmet Sa\u011flay\u0131c\u0131, G\u00fcmr\u00fck M\u00fc\u015faviri, G\u00fcmr\u00fck \u0130daresi, Bankalar, Lojistik Firmalar\u0131, Sigorta \u015eirketleri, G\u00fcmr\u00fck M\u00fcd\u00fcrl\u00fc\u011f\u00fc, Banka, Lojistik Firmalar\u0131, Nakliyeci, Otel Firmalar\u0131, Ara\u00e7 Kiralama Firmalar\u0131, Ula\u015f\u0131m Firmalar\u0131, Seyahat Acenteleri ve Organizasyon Firmalar\u0131, Vize Ba\u015fvurusu Arac\u0131 Firmalar\u0131, \u0130lgili Konsolosluklar, Vize Ba\u015fvurusu Arac\u0131 Firmalar\u0131, \u0130lgili konsolosluklar, Emniyet Genel M\u00fcd\u00fcrl\u00fc\u011f\u00fc, Mahkemeler, Sicili, Noter, Hukuk Dan\u0131\u015fman\u0131, Yarg\u0131 Mercileri, \u0130dari Merciler)<\/em><\/li>\n\n\n\n<li>K\u0130\u015e\u0130SEL VER\u0130LER\u0130N \u0130MHASI VE SAKLANMA S\u00dcRELER\u0130\n<ul class=\"wp-block-list\">\n<li>Ki\u015fisel Verilerin \u0130mhas\u0131<\/li>\n<\/ul>\n<\/li>\n<\/ul>\n\n<p>Di\u011fer kanunlarda ki\u015fisel verilerin imhas\u0131na ili\u015fkin yer alan h\u00fck\u00fcmler sakl\u0131 kalmak kayd\u0131yla \u015eirketimiz, bu Kanun ve di\u011fer kanun h\u00fck\u00fcmlerine uygun olarak i\u015flemi\u015f oldu\u011fu ki\u015fisel verileri, i\u015flenmesini gerektiren sebeplerin ortadan kalkmas\u0131 h\u00e2linde Ki\u015fisel Veri Saklama ve \u0130mha Politikas\u0131\u2019na uygun olarakresen veya ilgili ki\u015finin talebi \u00fczerine siler, yok eder veya anonim hale getirir.\u00a0<\/p>\n\n<p>The deletion of personal data refers to making personal data inaccessible and unusable for the relevant users in any way.<\/p>\n\n<p>The destruction of data refers to making personal data inaccessible, irretrievable, and unusable by anyone in any way.<\/p>\n\n<p>The anonymization of data refers to making personal data unidentifiable or unrelatable to a specific or identifiable natural person in any way, even if matched with other data, through techniques such as masking, variable extraction, generalization, etc. <\/p>\n\n<ul class=\"wp-block-list\">\n<li>Ki\u015fisel Verilerin Saklanma S\u00fcreleri<\/li>\n<\/ul>\n\n<p>\u015eirketimiz, ki\u015fisel verileri kanunlarda ve sair mevzuatta \u00f6ng\u00f6r\u00fclen s\u00fcreler uyar\u0131nca saklamaktad\u0131r. Kanunlarda ve sair mevzuatta \u00f6ng\u00f6r\u00fclen bir saklama s\u00fcresi bulunmuyorsa, ki\u015fisel veriler \u015eirketimizin Ki\u015fisel Veri Saklama ve \u0130mha Politikas\u0131\u2019na uygun olarak o ki\u015fisel veriyi i\u015fleme amac\u0131n\u0131n ger\u00e7ekle\u015fmesi i\u00e7in gereken s\u00fcre kadar saklanmakta, daha sonra periyodik imha s\u00fcreleri \u00e7er\u00e7evesinde silinmekte, yok edilmekte veya anonim hale getirilmektedir. \u00a0<\/p>\n\n<ul class=\"wp-block-list\">\n<li>K\u0130\u015e\u0130SEL VER\u0130 SAH\u0130B\u0130N\u0130N AYDINLATILMASI VE KVK KANUNU UYARINCA HAKLARI\n<ul class=\"wp-block-list\">\n<li>\u0130lgili Ki\u015finin Ayd\u0131nlat\u0131lmas\u0131<\/li>\n<\/ul>\n<\/li>\n<\/ul>\n\n<p>Our company informs the relevant persons during the acquisition of personal data in accordance with Article 10 of the KVK Law. In this context, it clarifies the identity of the company representative, if any, the purposes for which personal data will be processed, to whom and for what purposes the processed personal data may be transferred, the method and legal reason for collecting personal data, and the rights of the relevant person.  <\/p>\n\n<ul class=\"wp-block-list\">\n<li>Politika ve Kanun\u2019un Tamamen veya K\u0131smen Uygulanmayaca\u011f\u0131 Haller<\/li>\n<\/ul>\n\n<p>The provisions of this Policy and the Law will not apply in the following cases:<\/p>\n\n<ul class=\"wp-block-list\">\n<li>Ki\u015fisel verilerin, \u00fc\u00e7\u00fcnc\u00fc ki\u015filere verilmemek ve veri g\u00fcvenli\u011fine ili\u015fkin y\u00fck\u00fcml\u00fcl\u00fcklere uyulmak kayd\u0131yla ger\u00e7ek ki\u015filer taraf\u0131ndan tamamen kendisiyle veya ayn\u0131 konutta ya\u015fayan aile fertleriyle ilgili faaliyetler kapsam\u0131nda i\u015flenmesi,<\/li>\n\n\n\n<li>Ki\u015fisel verilerin resmi istatistik ile anonim h\u00e2le getirilmek suretiyle ara\u015ft\u0131rma, planlama ve istatistik gibi ama\u00e7larla i\u015flenmesi,<\/li>\n\n\n\n<li>Ki\u015fisel verilerin mill\u00ee savunmay\u0131, mill\u00ee g\u00fcvenli\u011fi, kamu g\u00fcvenli\u011fini, kamu d\u00fczenini, ekonomik g\u00fcvenli\u011fi, \u00f6zel hayat\u0131n gizlili\u011fini veya ki\u015filik haklar\u0131n\u0131 ihlal etmemek ya da su\u00e7 te\u015fkil etmemek kayd\u0131yla, sanat, tarih, edebiyat veya bilimsel ama\u00e7larla ya da ifade \u00f6zg\u00fcrl\u00fc\u011f\u00fc kapsam\u0131nda i\u015flenmesi,<\/li>\n\n\n\n<li>Ki\u015fisel verilerin mill\u00ee savunmay\u0131, mill\u00ee g\u00fcvenli\u011fi, kamu g\u00fcvenli\u011fini, kamu d\u00fczenini veya ekonomik g\u00fcvenli\u011fi sa\u011flamaya y\u00f6nelik olarak kanunla g\u00f6rev ve yetki verilmi\u015f kamu kurum ve kurulu\u015flar\u0131 taraf\u0131ndan y\u00fcr\u00fct\u00fclen \u00f6nleyici, koruyucu ve istihbari faaliyetler kapsam\u0131nda i\u015flenmesi,<\/li>\n\n\n\n<li>Ki\u015fisel verilerin soru\u015fturma, kovu\u015fturma, yarg\u0131lama veya infaz i\u015flemlerine ili\u015fkin olarak yarg\u0131 makamlar\u0131 veya infaz mercileri taraf\u0131ndan i\u015flenmesi.<\/li>\n<\/ul>\n\n<p>Provided that it is in line with the purpose and basic principles of this Policy and the Law and is proportional, the obligations of the data controller to inform, as regulated in Article 10, except for the right to request compensation for damages, the rights of the relevant person as regulated in Article 11, and the obligation to register with the Data Controllers Registry as regulated in Article 16 will not apply in the following cases:<\/p>\n\n<ul class=\"wp-block-list\">\n<li>Ki\u015fisel veri i\u015flemenin su\u00e7 i\u015flenmesinin \u00f6nlenmesi veya su\u00e7 soru\u015fturmas\u0131 i\u00e7in gerekli olmas\u0131,<\/li>\n\n\n\n<li>\u0130lgili ki\u015finin kendisi taraf\u0131ndan alenile\u015ftirilmi\u015f ki\u015fisel verilerin i\u015flenmesi,<\/li>\n\n\n\n<li>Ki\u015fisel veri i\u015flemenin kanunun verdi\u011fi yetkiye dayan\u0131larak g\u00f6revli ve yetkili kamu kurum ve kurulu\u015flar\u0131 ile kamu kurumu niteli\u011findeki meslek kurulu\u015flar\u0131nca, denetleme veya d\u00fczenleme g\u00f6revlerinin y\u00fcr\u00fct\u00fclmesi ile disiplin soru\u015fturma veya kovu\u015fturmas\u0131 i\u00e7in gerekli olmas\u0131,<\/li>\n\n\n\n<li>Ki\u015fisel veri i\u015flemenin b\u00fct\u00e7e, vergi ve mali konulara ili\u015fkin olarak Devletin ekonomik ve mali \u00e7\u0131karlar\u0131n\u0131n korunmas\u0131 i\u00e7in gerekli olmas\u0131.<\/li>\n\n\n\n<li>\u0130lgili Ki\u015finin KVK Kanunu Uyar\u0131nca Haklar\u0131<\/li>\n<\/ul>\n\n<p>Our company informs the relevant persons of their rights under Article 10 of the Law, guides them on how to exercise these rights, and carries out the necessary internal operations, administrative and technical arrangements for all these. The rights of individuals whose personal data is processed under Article 11 of the Law are listed below:   <\/p>\n\n<ul class=\"wp-block-list\">\n<li>Ki\u015fisel verilerinin i\u015flenip i\u015flenmedi\u011fini \u00f6\u011frenme,\u00a0<\/li>\n\n\n\n<li>Ki\u015fisel verileri i\u015flenmi\u015fse buna ili\u015fkin bilgi talep etme,\u00a0<\/li>\n\n\n\n<li>To learn the purpose of processing personal data and whether they are used in accordance with their purpose,<\/li>\n\n\n\n<li>To know the third parties to whom personal data is transferred domestically or abroad,<\/li>\n\n\n\n<li>To request correction of personal data if they are incomplete or incorrectly processed,<\/li>\n\n\n\n<li>Kanun\u2019un 7. maddesinde \u00f6ng\u00f6r\u00fclen \u015fartlar \u00e7er\u00e7evesinde ki\u015fisel verilerin silinmesini veya yok edilmesini isteme,\u00a0<\/li>\n\n\n\n<li>Kanun\u2019un 11. maddesinin (d) ve (e) bentleri uyar\u0131nca yap\u0131lan i\u015flemlerin (d\u00fczeltme ve imha), ki\u015fisel verilerin aktar\u0131ld\u0131\u011f\u0131 \u00fc\u00e7\u00fcnc\u00fc ki\u015filere bildirilmesini isteme,\u00a0<\/li>\n\n\n\n<li>\u0130\u015flenen verilerin m\u00fcnhas\u0131ran otomatik sistemler vas\u0131tas\u0131yla analiz edilmesi suretiyle ki\u015finin kendisi aleyhine bir sonucun ortaya \u00e7\u0131kmas\u0131na itiraz etme,\u00a0<\/li>\n\n\n\n<li>Ki\u015fisel verilerin kanuna ayk\u0131r\u0131 olarak i\u015flenmesi sebebiyle zarara u\u011framas\u0131 halinde zarar\u0131n giderilmesini talep etme.\u00a0<\/li>\n<\/ul>\n\n<p>Kanun\u2019un uygulanmas\u0131yla ilgili talepler ve ba\u015fvurular internet sitemizde https:\/\/letgenbio.com yer alan ba\u015fvuru formu doldurularak<em> \u00c7INARLI MAH. OZAN ABAY CAD. EGEPERLA BLOK NO: 10 \u0130\u00c7 KAPI NO: 141 KONAK \/ \u0130ZM\u0130R <\/em>adresine yaz\u0131l\u0131 olarak bizzat tevdi edilebilir veya noter kanal\u0131yla g\u00f6nderilebilir ya da kay\u0131tl\u0131 elektronik posta (KEP) adresi\u00a0 g\u00fcvenli elektronik imza veya mobil imza kullan\u0131lmak suretiyle elektronik ortamda iletilebilir.<\/p>\n\n<p>If there is an electronic mail address belonging to the relevant person previously notified to our company and registered in the company&#8217;s system, requests and applications can also be sent to info@letgenbio.com.<\/p>\n\n<p>Talep ve ba\u015fvurularda,<\/p>\n\n<ul class=\"wp-block-list\">\n<li>Name, surname and signature if the application is written,<\/li>\n\n\n\n<li>T.R. identity number for citizens of the Republic of Turkey, nationality, passport number or identity number, if any, for foreigners,<\/li>\n\n\n\n<li>Address of residence or workplace for notification,<\/li>\n\n\n\n<li>E-mail address, telephone and fax number, if any, for notification,<\/li>\n\n\n\n<li>Subject of the request<\/li>\n<\/ul>\n\n<p>must be included.<\/p>\n\n<p>Information and documents related to the subject must be attached to the application.<\/p>\n\n<p>Our company concludes the requests in the application free of charge as soon as possible and within thirty days at the latest, depending on the nature of the request. However, if the transaction requires an additional cost, the fee determined in the tariff set by the Board may be charged. <\/p>\n\n<p>Our company may accept the request submitted to it or reject it by explaining the reason and notifies the relevant person of its response in writing or electronically. If the request in the application is accepted, our company fulfills the requirement as soon as possible and informs the relevant person. If the application is due to a mistake of our company, the fee received is refunded to the relevant person.  <\/p>\n\n<p>Ba\u015fvurunun reddedilmesi, verilen yan\u0131t\u0131n yetersiz bulunmas\u0131 veya s\u00fcresinde ba\u015fvuruya yan\u0131t verilmemesi h\u00e2llerinde; ilgili ki\u015fi, yan\u0131t\u0131 \u00f6\u011frendi\u011fi tarihten itibaren otuz ve her h\u00e2lde ba\u015fvuru tarihinden itibaren altm\u0131\u015f g\u00fcn i\u00e7inde Kurula \u015fik\u00e2yette bulunma hakk\u0131na sahiptir.<\/p>\n","protected":false},"excerpt":{"rendered":"<p>LETGEN B\u0130YOTEKNOLOJ\u0130 LABORATUVAR \u00dcR\u00dcNLER\u0130 \u0130\u00c7 VE DI\u015e T\u0130CARET L\u0130M\u0130TED \u015e\u0130RKET\u0130 K\u0130\u015e\u0130SEL VER\u0130LER\u0130N KORUNMASI VE \u0130\u015eLENMES\u0130 POL\u0130T\u0130KASI Muhatap: Letgen Biyoteknoloji Laboratuvar \u00dcr\u00fcnleri \u0130\u00e7 ve D\u0131\u015f Ticaret Limited \u015eirketi taraf\u0131ndan Ki\u015fisel Verileri i\u015flenen Letgen Biyoteknoloji Laboratuvar \u00dcr\u00fcnleri \u0130\u00e7 ve D\u0131\u015f Ticaret Limited \u015eirketi \u00e7al\u0131\u015fanlar\u0131 d\u0131\u015f\u0131ndaki t\u00fcm ger\u00e7ek ki\u015filer Haz\u0131rlayan: Letgen Biyoteknoloji Laboratuvar \u00dcr\u00fcnleri \u0130\u00e7 ve D\u0131\u015f Ticaret &hellip; <a href=\"https:\/\/letgenbio.com\/en\/gdpr-policy\/\" class=\"more-link\" title=\"Continue reading <span class=\"screen-reader-text\">GDPR Policy<\/span>&#8220;>Continue reading <span class=\"screen-reader-text\">GDPR Policy<\/span><\/a><\/p>\n","protected":false},"author":1,"featured_media":0,"parent":0,"menu_order":0,"comment_status":"closed","ping_status":"closed","template":"elementor_header_footer","meta":{"inline_featured_image":false,"footnotes":""},"class_list":["post-3165","page","type-page","status-publish","hentry"],"_links":{"self":[{"href":"https:\/\/letgenbio.com\/en\/wp-json\/wp\/v2\/pages\/3165","targetHints":{"allow":["GET"]}}],"collection":[{"href":"https:\/\/letgenbio.com\/en\/wp-json\/wp\/v2\/pages"}],"about":[{"href":"https:\/\/letgenbio.com\/en\/wp-json\/wp\/v2\/types\/page"}],"author":[{"embeddable":true,"href":"https:\/\/letgenbio.com\/en\/wp-json\/wp\/v2\/users\/1"}],"replies":[{"embeddable":true,"href":"https:\/\/letgenbio.com\/en\/wp-json\/wp\/v2\/comments?post=3165"}],"version-history":[{"count":1,"href":"https:\/\/letgenbio.com\/en\/wp-json\/wp\/v2\/pages\/3165\/revisions"}],"predecessor-version":[{"id":4054,"href":"https:\/\/letgenbio.com\/en\/wp-json\/wp\/v2\/pages\/3165\/revisions\/4054"}],"wp:attachment":[{"href":"https:\/\/letgenbio.com\/en\/wp-json\/wp\/v2\/media?parent=3165"}],"curies":[{"name":"wp","href":"https:\/\/api.w.org\/{rel}","templated":true}]}}